{"id":24154,"date":"2026-01-14T08:15:30","date_gmt":"2026-01-14T07:15:30","guid":{"rendered":"https:\/\/balteschwiler.ch\/?page_id=24154"},"modified":"2026-01-14T08:21:23","modified_gmt":"2026-01-14T07:21:23","slug":"systeme-de-facades-ecole-dormalingen","status":"publish","type":"page","link":"https:\/\/balteschwiler.ch\/fr\/references\/systeme-de-facades-ecole-dormalingen\/","title":{"rendered":"Syst\u00e8me de fa\u00e7ades, \u00e9cole d\u2019Ormalingen"},"content":{"rendered":"<div class=\"gb-container gb-container-6ec57639 loadondesktop\"><div class=\"gb-inside-container\">\n<div class=\"gb-grid-wrapper gb-grid-wrapper-d212ffc2\">\n<div class=\"gb-grid-column gb-grid-column-6290146c\"><div class=\"gb-container gb-container-6290146c\"><div class=\"gb-inside-container\">\n\n<p class=\"gb-headline gb-headline-a9091560 gb-headline-text\"><strong><strong>Syst\u00e8mes de fa\u00e7ades<\/strong><\/strong><\/p>\n\n\n\n<h1 class=\"gb-headline gb-headline-ae3932be gb-headline-text\"><strong><strong>\u00c9cole d\u2019Ormalingen<\/strong><\/strong><\/h1>\n\n<\/div><\/div><\/div>\n<\/div>\n<\/div><\/div>\n\n<div class=\"gb-container gb-container-0f7de636\"><div class=\"gb-inside-container\">\n\n<div class=\"wp-block-uagb-slider uagb-block-fcd85a6a uagb-slider-container\"><div class=\"uagb-slides uagb-swiper\"><div class=\"swiper-wrapper\">\n<div class=\"wp-block-uagb-slider-child uagb-slider-child-wrap swiper-slide uagb-block-73cf9880\"><div class=\"swiper-content\">\n<figure class=\"wp-block-image size-full\"><img loading=\"lazy\" decoding=\"async\" width=\"1133\" height=\"827\" src=\"https:\/\/balteschwiler.ch\/wp-content\/uploads\/2026\/01\/fassade-2019-hsh-schulhaus-ormalingen-6.jpg\" alt=\"\" class=\"wp-image-24093\" style=\"aspect-ratio:4\/3;object-fit:cover\" srcset=\"https:\/\/balteschwiler.ch\/wp-content\/uploads\/2026\/01\/fassade-2019-hsh-schulhaus-ormalingen-6.jpg 1133w, https:\/\/balteschwiler.ch\/wp-content\/uploads\/2026\/01\/fassade-2019-hsh-schulhaus-ormalingen-6-300x219.jpg 300w, https:\/\/balteschwiler.ch\/wp-content\/uploads\/2026\/01\/fassade-2019-hsh-schulhaus-ormalingen-6-1024x747.jpg 1024w, https:\/\/balteschwiler.ch\/wp-content\/uploads\/2026\/01\/fassade-2019-hsh-schulhaus-ormalingen-6-768x561.jpg 768w\" sizes=\"auto, (max-width: 1133px) 100vw, 1133px\" \/><\/figure>\n<\/div><\/div>\n\n\n\n<div class=\"wp-block-uagb-slider-child uagb-slider-child-wrap swiper-slide uagb-block-297ab518\"><div class=\"swiper-content\">\n<figure class=\"wp-block-image size-full\"><img loading=\"lazy\" decoding=\"async\" width=\"2560\" height=\"1707\" src=\"https:\/\/balteschwiler.ch\/wp-content\/uploads\/2026\/01\/fassade-2019-hsh-schulhaus-ormalingen-7-scaled.jpg\" alt=\"\" class=\"wp-image-24095\" style=\"aspect-ratio:4\/3;object-fit:cover\" srcset=\"https:\/\/balteschwiler.ch\/wp-content\/uploads\/2026\/01\/fassade-2019-hsh-schulhaus-ormalingen-7-scaled.jpg 2560w, https:\/\/balteschwiler.ch\/wp-content\/uploads\/2026\/01\/fassade-2019-hsh-schulhaus-ormalingen-7-300x200.jpg 300w, https:\/\/balteschwiler.ch\/wp-content\/uploads\/2026\/01\/fassade-2019-hsh-schulhaus-ormalingen-7-1024x683.jpg 1024w, https:\/\/balteschwiler.ch\/wp-content\/uploads\/2026\/01\/fassade-2019-hsh-schulhaus-ormalingen-7-768x512.jpg 768w, https:\/\/balteschwiler.ch\/wp-content\/uploads\/2026\/01\/fassade-2019-hsh-schulhaus-ormalingen-7-1536x1024.jpg 1536w, https:\/\/balteschwiler.ch\/wp-content\/uploads\/2026\/01\/fassade-2019-hsh-schulhaus-ormalingen-7-2048x1365.jpg 2048w\" sizes=\"auto, (max-width: 2560px) 100vw, 2560px\" \/><\/figure>\n<\/div><\/div>\n\n\n\n<div class=\"wp-block-uagb-slider-child uagb-slider-child-wrap swiper-slide uagb-block-2128fd97\"><div class=\"swiper-content\">\n<figure class=\"wp-block-image size-full\"><img loading=\"lazy\" decoding=\"async\" width=\"2560\" height=\"1707\" src=\"https:\/\/balteschwiler.ch\/wp-content\/uploads\/2026\/01\/fassade-2019-hsh-schulhaus-ormalingen-2-scaled.jpg\" alt=\"\" class=\"wp-image-24085\" style=\"aspect-ratio:4\/3;object-fit:cover\" srcset=\"https:\/\/balteschwiler.ch\/wp-content\/uploads\/2026\/01\/fassade-2019-hsh-schulhaus-ormalingen-2-scaled.jpg 2560w, https:\/\/balteschwiler.ch\/wp-content\/uploads\/2026\/01\/fassade-2019-hsh-schulhaus-ormalingen-2-300x200.jpg 300w, https:\/\/balteschwiler.ch\/wp-content\/uploads\/2026\/01\/fassade-2019-hsh-schulhaus-ormalingen-2-1024x683.jpg 1024w, https:\/\/balteschwiler.ch\/wp-content\/uploads\/2026\/01\/fassade-2019-hsh-schulhaus-ormalingen-2-768x512.jpg 768w, https:\/\/balteschwiler.ch\/wp-content\/uploads\/2026\/01\/fassade-2019-hsh-schulhaus-ormalingen-2-1536x1024.jpg 1536w, https:\/\/balteschwiler.ch\/wp-content\/uploads\/2026\/01\/fassade-2019-hsh-schulhaus-ormalingen-2-2048x1365.jpg 2048w\" sizes=\"auto, (max-width: 2560px) 100vw, 2560px\" \/><\/figure>\n<\/div><\/div>\n\n\n\n<div class=\"wp-block-uagb-slider-child uagb-slider-child-wrap swiper-slide uagb-block-d680947f\"><div class=\"swiper-content\">\n<figure class=\"wp-block-image size-full\"><img loading=\"lazy\" decoding=\"async\" width=\"1707\" height=\"2560\" src=\"https:\/\/balteschwiler.ch\/wp-content\/uploads\/2026\/01\/fassade-2019-hsh-schulhaus-ormalingen-5-scaled.jpg\" alt=\"\" class=\"wp-image-24091\" style=\"aspect-ratio:4\/3;object-fit:cover\" srcset=\"https:\/\/balteschwiler.ch\/wp-content\/uploads\/2026\/01\/fassade-2019-hsh-schulhaus-ormalingen-5-scaled.jpg 1707w, https:\/\/balteschwiler.ch\/wp-content\/uploads\/2026\/01\/fassade-2019-hsh-schulhaus-ormalingen-5-200x300.jpg 200w, https:\/\/balteschwiler.ch\/wp-content\/uploads\/2026\/01\/fassade-2019-hsh-schulhaus-ormalingen-5-683x1024.jpg 683w, https:\/\/balteschwiler.ch\/wp-content\/uploads\/2026\/01\/fassade-2019-hsh-schulhaus-ormalingen-5-768x1152.jpg 768w, https:\/\/balteschwiler.ch\/wp-content\/uploads\/2026\/01\/fassade-2019-hsh-schulhaus-ormalingen-5-1024x1536.jpg 1024w, https:\/\/balteschwiler.ch\/wp-content\/uploads\/2026\/01\/fassade-2019-hsh-schulhaus-ormalingen-5-1365x2048.jpg 1365w\" sizes=\"auto, (max-width: 1707px) 100vw, 1707px\" \/><\/figure>\n<\/div><\/div>\n\n\n\n<div class=\"wp-block-uagb-slider-child uagb-slider-child-wrap swiper-slide uagb-block-2977e9fc\"><div class=\"swiper-content\">\n<figure class=\"wp-block-image size-full\"><img loading=\"lazy\" decoding=\"async\" width=\"1707\" height=\"2560\" src=\"https:\/\/balteschwiler.ch\/wp-content\/uploads\/2026\/01\/fassade-2019-hsh-schulhaus-ormalingen-4-scaled.jpg\" alt=\"\" class=\"wp-image-24089\" style=\"aspect-ratio:4\/3;object-fit:cover\" srcset=\"https:\/\/balteschwiler.ch\/wp-content\/uploads\/2026\/01\/fassade-2019-hsh-schulhaus-ormalingen-4-scaled.jpg 1707w, https:\/\/balteschwiler.ch\/wp-content\/uploads\/2026\/01\/fassade-2019-hsh-schulhaus-ormalingen-4-200x300.jpg 200w, https:\/\/balteschwiler.ch\/wp-content\/uploads\/2026\/01\/fassade-2019-hsh-schulhaus-ormalingen-4-683x1024.jpg 683w, https:\/\/balteschwiler.ch\/wp-content\/uploads\/2026\/01\/fassade-2019-hsh-schulhaus-ormalingen-4-768x1152.jpg 768w, https:\/\/balteschwiler.ch\/wp-content\/uploads\/2026\/01\/fassade-2019-hsh-schulhaus-ormalingen-4-1024x1536.jpg 1024w, https:\/\/balteschwiler.ch\/wp-content\/uploads\/2026\/01\/fassade-2019-hsh-schulhaus-ormalingen-4-1365x2048.jpg 1365w\" sizes=\"auto, (max-width: 1707px) 100vw, 1707px\" \/><\/figure>\n<\/div><\/div>\n\n\n\n<div class=\"wp-block-uagb-slider-child uagb-slider-child-wrap swiper-slide uagb-block-06b71c9a\"><div class=\"swiper-content\">\n<figure class=\"wp-block-image size-full\"><img loading=\"lazy\" decoding=\"async\" width=\"2560\" height=\"1707\" src=\"https:\/\/balteschwiler.ch\/wp-content\/uploads\/2026\/01\/fassade-2019-hsh-schulhaus-ormalingen-3-scaled.jpg\" alt=\"\" class=\"wp-image-24087\" style=\"aspect-ratio:4\/3;object-fit:cover\" srcset=\"https:\/\/balteschwiler.ch\/wp-content\/uploads\/2026\/01\/fassade-2019-hsh-schulhaus-ormalingen-3-scaled.jpg 2560w, https:\/\/balteschwiler.ch\/wp-content\/uploads\/2026\/01\/fassade-2019-hsh-schulhaus-ormalingen-3-300x200.jpg 300w, https:\/\/balteschwiler.ch\/wp-content\/uploads\/2026\/01\/fassade-2019-hsh-schulhaus-ormalingen-3-1024x683.jpg 1024w, https:\/\/balteschwiler.ch\/wp-content\/uploads\/2026\/01\/fassade-2019-hsh-schulhaus-ormalingen-3-768x512.jpg 768w, https:\/\/balteschwiler.ch\/wp-content\/uploads\/2026\/01\/fassade-2019-hsh-schulhaus-ormalingen-3-1536x1024.jpg 1536w, https:\/\/balteschwiler.ch\/wp-content\/uploads\/2026\/01\/fassade-2019-hsh-schulhaus-ormalingen-3-2048x1365.jpg 2048w\" sizes=\"auto, (max-width: 2560px) 100vw, 2560px\" \/><\/figure>\n<\/div><\/div>\n<\/div><\/div><div class=\"swiper-button-prev\"><\/div><div class=\"swiper-button-next\"><\/div><\/div>\n\n\n\n<div style=\"height:50px\" aria-hidden=\"true\" class=\"wp-block-spacer\"><\/div>\n\n\n\n<div class=\"wp-block-columns is-layout-flex wp-container-core-columns-is-layout-9d6595d7 wp-block-columns-is-layout-flex\">\n<div class=\"wp-block-column is-layout-flow wp-block-column-is-layout-flow\" style=\"flex-basis:66.66%\">\n<hr class=\"wp-block-separator has-text-color has-contrast-color has-alpha-channel-opacity has-contrast-background-color has-background\"\/>\n\n\n\n<h2 class=\"wp-block-heading\"><strong><strong><strong>Nouvelle construction scolaire avec bois r\u00e9gional de la for\u00eat d\u2019Ormalingen<\/strong><\/strong><\/strong><\/h2>\n\n\n\n<p>\u00c0 Ormalingen, une extension moderne de l\u2019\u00e9cole primaire a \u00e9t\u00e9 r\u00e9alis\u00e9e entre 2018 et 2019 selon une construction int\u00e9gralement en bois. Le nouveau b\u00e2timent scolaire de deux niveaux, comprenant quatre salles de classe et des locaux compl\u00e9mentaires, a \u00e9t\u00e9 achev\u00e9 en moins d\u2019un an et offre aujourd\u2019hui un environnement d\u2019apprentissage chaleureux et contemporain. La conception architecturale, la planification et la r\u00e9alisation ont \u00e9t\u00e9 assur\u00e9es par&nbsp;<strong>PM Mangold Holzbau AG<\/strong>, garantissant une mise en \u0153uvre efficace du projet.<\/p>\n\n\n\n<p>L\u2019un des \u00e9l\u00e9ments distinctifs du projet r\u00e9side dans l\u2019utilisation syst\u00e9matique de&nbsp;<strong>bois suisse issu de la for\u00eat communale d\u2019Ormalingen<\/strong>, transform\u00e9 r\u00e9gionalement et employ\u00e9 aussi bien pour la fa\u00e7ade que pour les am\u00e9nagements int\u00e9rieurs. La fa\u00e7ade associe des&nbsp;<strong>bardages rhombo\u00efdaux pos\u00e9s horizontalement<\/strong>&nbsp;\u00e0 des&nbsp;<strong>\u00e9l\u00e9ments verticaux \u00e0 feuillure large<\/strong>&nbsp;en sapin blanc, conf\u00e9rant au b\u00e2timent une expression architecturale claire et structur\u00e9e.<\/p>\n\n\n\n<p>Balteschwiler SA a fourni les bardages de fa\u00e7ade en&nbsp;<strong>sapin blanc suisse<\/strong>&nbsp;et a pris en charge leur fabrication pr\u00e9cise ainsi que le traitement de surface en atelier. Les surfaces sci\u00e9es brutes et la teinte uniforme&nbsp;<strong>gris fonc\u00e9<\/strong>&nbsp;renforcent le caract\u00e8re architectural du b\u00e2timent tout en assurant une enveloppe durable et r\u00e9sistante aux intemp\u00e9ries. Ce projet achev\u00e9 illustre exemplairement une construction publique durable fond\u00e9e sur des ressources r\u00e9gionales et une ex\u00e9cution soign\u00e9e.<\/p>\n\n\n<div class=\"gb-button-wrapper gb-button-wrapper-7c34dbc8\">\n\n<a class=\"gb-button gb-button-b8c1b8eb gb-button-text smooth-scroll button-border-none\" href=\"https:\/\/balteschwiler.ch\/wp-content\/uploads\/2026\/01\/fassade-2019-hsh-schulhaus-ormalingen-fassade-fr.pdf\" target=\"_blank\" rel=\"noopener noreferrer\">Fiche de r\u00e9f\u00e9rence<\/a>\n\n<\/div><\/div>\n\n\n\n<div class=\"wp-block-column spalte-custom-space-left is-layout-flow wp-block-column-is-layout-flow\" style=\"flex-basis:33.33%\">\n<hr class=\"wp-block-separator has-text-color has-contrast-color has-alpha-channel-opacity has-contrast-background-color has-background\"\/>\n\n\n\n<p><strong>Ann\u00e9e de construction :<\/strong><br>2019<\/p>\n\n\n\n<p><strong>Type de b\u00e2timent \/ usage : <\/strong>B\u00e2timent public, \u00e9cole primaire<\/p>\n\n\n\n<p><strong>Ma\u00eetre d\u2019ouvrage :\u00a0<\/strong><br>Commune d\u2019Ormalingen<\/p>\n\n\n\n<p><strong>Architecture : <\/strong><br>PM Mangold Holzbau AG, Ormalingen<\/p>\n\n\n\n<p><strong>Partenaires d\u2019ex\u00e9cution :\u00a0 <\/strong><br>PM Mangold Holzbau AG, Ormalingen<\/p>\n\n\n\n<p><strong>Produits par Balteschwiler :<\/strong><br>Bardage de fa\u00e7ade en sapin blanc, label Bois Suisse<br><strong>Traitement :<\/strong>\u00a0application simple de lasure BL-Effektlasur Premium, application sur trois faces,\u00a0<br><strong>Teinte :<\/strong>\u00a0gris fonc\u00e9 (Darkgrey)<\/p>\n<\/div>\n<\/div>\n\n\n\n<div style=\"height:50px\" aria-hidden=\"true\" class=\"wp-block-spacer\"><\/div>\n\n<\/div><\/div>","protected":false},"excerpt":{"rendered":"<p>Nouvelle construction scolaire avec bois r\u00e9gional de la for\u00eat d\u2019Ormalingen \u00c0 Ormalingen, une extension moderne de l\u2019\u00e9cole primaire a \u00e9t\u00e9 r\u00e9alis\u00e9e entre 2018 et 2019 selon une construction int\u00e9gralement en &#8230; <a title=\"Syst\u00e8me de fa\u00e7ades, \u00e9cole d\u2019Ormalingen\" class=\"read-more\" href=\"https:\/\/balteschwiler.ch\/fr\/references\/systeme-de-facades-ecole-dormalingen\/\" aria-label=\"En savoir plus sur Syst\u00e8me de fa\u00e7ades, \u00e9cole d\u2019Ormalingen\">Mehr<\/a><\/p>\n","protected":false},"author":3,"featured_media":0,"parent":8941,"menu_order":0,"comment_status":"closed","ping_status":"closed","template":"","meta":{"_acf_changed":false,"inline_featured_image":false,"_uag_custom_page_level_css":"","footnotes":""},"class_list":["post-24154","page","type-page","status-publish"],"acf":[],"yoast_head":"<!-- This site is optimized with the Yoast SEO plugin v27.5 - https:\/\/yoast.com\/product\/yoast-seo-wordpress\/ -->\n<title>Syst\u00e8me de fa\u00e7ades, \u00e9cole d\u2019Ormalingen - Balteschwiler AG<\/title>\n<meta name=\"robots\" content=\"index, follow, max-snippet:-1, max-image-preview:large, max-video-preview:-1\" \/>\n<link rel=\"canonical\" href=\"https:\/\/balteschwiler.ch\/fr\/references\/systeme-de-facades-ecole-dormalingen\/\" \/>\n<meta property=\"og:locale\" content=\"fr_FR\" \/>\n<meta property=\"og:type\" content=\"article\" \/>\n<meta property=\"og:title\" content=\"Syst\u00e8me de fa\u00e7ades, \u00e9cole d\u2019Ormalingen - Balteschwiler AG\" \/>\n<meta property=\"og:description\" content=\"Nouvelle construction scolaire avec bois r\u00e9gional de la for\u00eat d\u2019Ormalingen \u00c0 Ormalingen, une extension moderne de l\u2019\u00e9cole primaire a \u00e9t\u00e9 r\u00e9alis\u00e9e entre 2018 et 2019 selon une construction int\u00e9gralement en ... Mehr\" \/>\n<meta property=\"og:url\" content=\"https:\/\/balteschwiler.ch\/fr\/references\/systeme-de-facades-ecole-dormalingen\/\" \/>\n<meta property=\"og:site_name\" content=\"Balteschwiler AG\" \/>\n<meta property=\"article:publisher\" content=\"https:\/\/www.facebook.com\/balteschwiler\" \/>\n<meta property=\"article:modified_time\" content=\"2026-01-14T07:21:23+00:00\" \/>\n<meta property=\"og:image\" content=\"https:\/\/balteschwiler.ch\/wp-content\/uploads\/2026\/01\/fassade-2019-hsh-schulhaus-ormalingen-6.jpg\" \/>\n\t<meta property=\"og:image:width\" content=\"1133\" \/>\n\t<meta property=\"og:image:height\" content=\"827\" \/>\n\t<meta property=\"og:image:type\" content=\"image\/jpeg\" \/>\n<meta name=\"twitter:card\" content=\"summary_large_image\" \/>\n<meta name=\"twitter:label1\" content=\"Dur\u00e9e de lecture estim\u00e9e\" \/>\n\t<meta name=\"twitter:data1\" content=\"3 minutes\" \/>\n<script type=\"application\/ld+json\" class=\"yoast-schema-graph\">{\"@context\":\"https:\\\/\\\/schema.org\",\"@graph\":[{\"@type\":\"WebPage\",\"@id\":\"https:\\\/\\\/balteschwiler.ch\\\/fr\\\/references\\\/systeme-de-facades-ecole-dormalingen\\\/\",\"url\":\"https:\\\/\\\/balteschwiler.ch\\\/fr\\\/references\\\/systeme-de-facades-ecole-dormalingen\\\/\",\"name\":\"Syst\u00e8me de fa\u00e7ades, \u00e9cole d\u2019Ormalingen - Balteschwiler AG\",\"isPartOf\":{\"@id\":\"https:\\\/\\\/balteschwiler.ch\\\/#website\"},\"primaryImageOfPage\":{\"@id\":\"https:\\\/\\\/balteschwiler.ch\\\/fr\\\/references\\\/systeme-de-facades-ecole-dormalingen\\\/#primaryimage\"},\"image\":{\"@id\":\"https:\\\/\\\/balteschwiler.ch\\\/fr\\\/references\\\/systeme-de-facades-ecole-dormalingen\\\/#primaryimage\"},\"thumbnailUrl\":\"https:\\\/\\\/balteschwiler.ch\\\/wp-content\\\/uploads\\\/2026\\\/01\\\/fassade-2019-hsh-schulhaus-ormalingen-6.jpg\",\"datePublished\":\"2026-01-14T07:15:30+00:00\",\"dateModified\":\"2026-01-14T07:21:23+00:00\",\"breadcrumb\":{\"@id\":\"https:\\\/\\\/balteschwiler.ch\\\/fr\\\/references\\\/systeme-de-facades-ecole-dormalingen\\\/#breadcrumb\"},\"inLanguage\":\"fr-FR\",\"potentialAction\":[{\"@type\":\"ReadAction\",\"target\":[\"https:\\\/\\\/balteschwiler.ch\\\/fr\\\/references\\\/systeme-de-facades-ecole-dormalingen\\\/\"]}]},{\"@type\":\"ImageObject\",\"inLanguage\":\"fr-FR\",\"@id\":\"https:\\\/\\\/balteschwiler.ch\\\/fr\\\/references\\\/systeme-de-facades-ecole-dormalingen\\\/#primaryimage\",\"url\":\"https:\\\/\\\/balteschwiler.ch\\\/wp-content\\\/uploads\\\/2026\\\/01\\\/fassade-2019-hsh-schulhaus-ormalingen-6.jpg\",\"contentUrl\":\"https:\\\/\\\/balteschwiler.ch\\\/wp-content\\\/uploads\\\/2026\\\/01\\\/fassade-2019-hsh-schulhaus-ormalingen-6.jpg\"},{\"@type\":\"BreadcrumbList\",\"@id\":\"https:\\\/\\\/balteschwiler.ch\\\/fr\\\/references\\\/systeme-de-facades-ecole-dormalingen\\\/#breadcrumb\",\"itemListElement\":[{\"@type\":\"ListItem\",\"position\":1,\"name\":\"R\u00e9f\u00e9rences\",\"item\":\"https:\\\/\\\/balteschwiler.ch\\\/fr\\\/references\\\/\"},{\"@type\":\"ListItem\",\"position\":2,\"name\":\"Syst\u00e8me de fa\u00e7ades, \u00e9cole d\u2019Ormalingen\"}]},{\"@type\":\"WebSite\",\"@id\":\"https:\\\/\\\/balteschwiler.ch\\\/#website\",\"url\":\"https:\\\/\\\/balteschwiler.ch\\\/\",\"name\":\"Balteschwiler AG\",\"description\":\"\",\"publisher\":{\"@id\":\"https:\\\/\\\/balteschwiler.ch\\\/#organization\"},\"potentialAction\":[{\"@type\":\"SearchAction\",\"target\":{\"@type\":\"EntryPoint\",\"urlTemplate\":\"https:\\\/\\\/balteschwiler.ch\\\/?s={search_term_string}\"},\"query-input\":{\"@type\":\"PropertyValueSpecification\",\"valueRequired\":true,\"valueName\":\"search_term_string\"}}],\"inLanguage\":\"fr-FR\"},{\"@type\":\"Organization\",\"@id\":\"https:\\\/\\\/balteschwiler.ch\\\/#organization\",\"name\":\"Balteschwiler AG\",\"url\":\"https:\\\/\\\/balteschwiler.ch\\\/\",\"logo\":{\"@type\":\"ImageObject\",\"inLanguage\":\"fr-FR\",\"@id\":\"https:\\\/\\\/balteschwiler.ch\\\/#\\\/schema\\\/logo\\\/image\\\/\",\"url\":\"https:\\\/\\\/balteschwiler.ch\\\/wp-content\\\/uploads\\\/2022\\\/09\\\/rz_BAL_Logo_d_rgb.png\",\"contentUrl\":\"https:\\\/\\\/balteschwiler.ch\\\/wp-content\\\/uploads\\\/2022\\\/09\\\/rz_BAL_Logo_d_rgb.png\",\"width\":1182,\"height\":224,\"caption\":\"Balteschwiler AG\"},\"image\":{\"@id\":\"https:\\\/\\\/balteschwiler.ch\\\/#\\\/schema\\\/logo\\\/image\\\/\"},\"sameAs\":[\"https:\\\/\\\/www.facebook.com\\\/balteschwiler\"]}]}<\/script>\n<!-- \/ Yoast SEO plugin. -->","yoast_head_json":{"title":"Syst\u00e8me de fa\u00e7ades, \u00e9cole d\u2019Ormalingen - Balteschwiler AG","robots":{"index":"index","follow":"follow","max-snippet":"max-snippet:-1","max-image-preview":"max-image-preview:large","max-video-preview":"max-video-preview:-1"},"canonical":"https:\/\/balteschwiler.ch\/fr\/references\/systeme-de-facades-ecole-dormalingen\/","og_locale":"fr_FR","og_type":"article","og_title":"Syst\u00e8me de fa\u00e7ades, \u00e9cole d\u2019Ormalingen - Balteschwiler AG","og_description":"Nouvelle construction scolaire avec bois r\u00e9gional de la for\u00eat d\u2019Ormalingen \u00c0 Ormalingen, une extension moderne de l\u2019\u00e9cole primaire a \u00e9t\u00e9 r\u00e9alis\u00e9e entre 2018 et 2019 selon une construction int\u00e9gralement en ... Mehr","og_url":"https:\/\/balteschwiler.ch\/fr\/references\/systeme-de-facades-ecole-dormalingen\/","og_site_name":"Balteschwiler AG","article_publisher":"https:\/\/www.facebook.com\/balteschwiler","article_modified_time":"2026-01-14T07:21:23+00:00","og_image":[{"width":1133,"height":827,"url":"https:\/\/balteschwiler.ch\/wp-content\/uploads\/2026\/01\/fassade-2019-hsh-schulhaus-ormalingen-6.jpg","type":"image\/jpeg"}],"twitter_card":"summary_large_image","twitter_misc":{"Dur\u00e9e de lecture estim\u00e9e":"3 minutes"},"schema":{"@context":"https:\/\/schema.org","@graph":[{"@type":"WebPage","@id":"https:\/\/balteschwiler.ch\/fr\/references\/systeme-de-facades-ecole-dormalingen\/","url":"https:\/\/balteschwiler.ch\/fr\/references\/systeme-de-facades-ecole-dormalingen\/","name":"Syst\u00e8me de fa\u00e7ades, \u00e9cole d\u2019Ormalingen - Balteschwiler AG","isPartOf":{"@id":"https:\/\/balteschwiler.ch\/#website"},"primaryImageOfPage":{"@id":"https:\/\/balteschwiler.ch\/fr\/references\/systeme-de-facades-ecole-dormalingen\/#primaryimage"},"image":{"@id":"https:\/\/balteschwiler.ch\/fr\/references\/systeme-de-facades-ecole-dormalingen\/#primaryimage"},"thumbnailUrl":"https:\/\/balteschwiler.ch\/wp-content\/uploads\/2026\/01\/fassade-2019-hsh-schulhaus-ormalingen-6.jpg","datePublished":"2026-01-14T07:15:30+00:00","dateModified":"2026-01-14T07:21:23+00:00","breadcrumb":{"@id":"https:\/\/balteschwiler.ch\/fr\/references\/systeme-de-facades-ecole-dormalingen\/#breadcrumb"},"inLanguage":"fr-FR","potentialAction":[{"@type":"ReadAction","target":["https:\/\/balteschwiler.ch\/fr\/references\/systeme-de-facades-ecole-dormalingen\/"]}]},{"@type":"ImageObject","inLanguage":"fr-FR","@id":"https:\/\/balteschwiler.ch\/fr\/references\/systeme-de-facades-ecole-dormalingen\/#primaryimage","url":"https:\/\/balteschwiler.ch\/wp-content\/uploads\/2026\/01\/fassade-2019-hsh-schulhaus-ormalingen-6.jpg","contentUrl":"https:\/\/balteschwiler.ch\/wp-content\/uploads\/2026\/01\/fassade-2019-hsh-schulhaus-ormalingen-6.jpg"},{"@type":"BreadcrumbList","@id":"https:\/\/balteschwiler.ch\/fr\/references\/systeme-de-facades-ecole-dormalingen\/#breadcrumb","itemListElement":[{"@type":"ListItem","position":1,"name":"R\u00e9f\u00e9rences","item":"https:\/\/balteschwiler.ch\/fr\/references\/"},{"@type":"ListItem","position":2,"name":"Syst\u00e8me de fa\u00e7ades, \u00e9cole d\u2019Ormalingen"}]},{"@type":"WebSite","@id":"https:\/\/balteschwiler.ch\/#website","url":"https:\/\/balteschwiler.ch\/","name":"Balteschwiler AG","description":"","publisher":{"@id":"https:\/\/balteschwiler.ch\/#organization"},"potentialAction":[{"@type":"SearchAction","target":{"@type":"EntryPoint","urlTemplate":"https:\/\/balteschwiler.ch\/?s={search_term_string}"},"query-input":{"@type":"PropertyValueSpecification","valueRequired":true,"valueName":"search_term_string"}}],"inLanguage":"fr-FR"},{"@type":"Organization","@id":"https:\/\/balteschwiler.ch\/#organization","name":"Balteschwiler AG","url":"https:\/\/balteschwiler.ch\/","logo":{"@type":"ImageObject","inLanguage":"fr-FR","@id":"https:\/\/balteschwiler.ch\/#\/schema\/logo\/image\/","url":"https:\/\/balteschwiler.ch\/wp-content\/uploads\/2022\/09\/rz_BAL_Logo_d_rgb.png","contentUrl":"https:\/\/balteschwiler.ch\/wp-content\/uploads\/2022\/09\/rz_BAL_Logo_d_rgb.png","width":1182,"height":224,"caption":"Balteschwiler AG"},"image":{"@id":"https:\/\/balteschwiler.ch\/#\/schema\/logo\/image\/"},"sameAs":["https:\/\/www.facebook.com\/balteschwiler"]}]}},"uagb_featured_image_src":{"full":false,"thumbnail":false,"medium":false,"medium_large":false,"large":false,"1536x1536":false,"2048x2048":false,"gform-image-choice-sm":false,"gform-image-choice-md":false,"gform-image-choice-lg":false},"uagb_author_info":{"display_name":"Franziska H\u00e4nni","author_link":"https:\/\/balteschwiler.ch\/fr\/author\/f-haenni\/"},"uagb_comment_info":0,"uagb_excerpt":"Nouvelle construction scolaire avec bois r\u00e9gional de la for\u00eat d\u2019Ormalingen \u00c0 Ormalingen, une extension moderne de l\u2019\u00e9cole primaire a \u00e9t\u00e9 r\u00e9alis\u00e9e entre 2018 et 2019 selon une construction int\u00e9gralement en ... Mehr","_links":{"self":[{"href":"https:\/\/balteschwiler.ch\/fr\/wp-json\/wp\/v2\/pages\/24154","targetHints":{"allow":["GET"]}}],"collection":[{"href":"https:\/\/balteschwiler.ch\/fr\/wp-json\/wp\/v2\/pages"}],"about":[{"href":"https:\/\/balteschwiler.ch\/fr\/wp-json\/wp\/v2\/types\/page"}],"author":[{"embeddable":true,"href":"https:\/\/balteschwiler.ch\/fr\/wp-json\/wp\/v2\/users\/3"}],"replies":[{"embeddable":true,"href":"https:\/\/balteschwiler.ch\/fr\/wp-json\/wp\/v2\/comments?post=24154"}],"version-history":[{"count":2,"href":"https:\/\/balteschwiler.ch\/fr\/wp-json\/wp\/v2\/pages\/24154\/revisions"}],"predecessor-version":[{"id":24170,"href":"https:\/\/balteschwiler.ch\/fr\/wp-json\/wp\/v2\/pages\/24154\/revisions\/24170"}],"up":[{"embeddable":true,"href":"https:\/\/balteschwiler.ch\/fr\/wp-json\/wp\/v2\/pages\/8941"}],"wp:attachment":[{"href":"https:\/\/balteschwiler.ch\/fr\/wp-json\/wp\/v2\/media?parent=24154"}],"curies":[{"name":"wp","href":"https:\/\/api.w.org\/{rel}","templated":true}]}}