{"id":24160,"date":"2026-01-14T08:49:30","date_gmt":"2026-01-14T07:49:30","guid":{"rendered":"https:\/\/balteschwiler.ch\/?page_id=24160"},"modified":"2026-01-14T08:54:00","modified_gmt":"2026-01-14T07:54:00","slug":"systemes-de-facades-ensemble-residentiel-riedmuhlehof","status":"publish","type":"page","link":"https:\/\/balteschwiler.ch\/fr\/references\/systemes-de-facades-ensemble-residentiel-riedmuhlehof\/","title":{"rendered":"Syst\u00e8mes de fa\u00e7ades, ensemble r\u00e9sidentiel Riedm\u00fchlehof"},"content":{"rendered":"<div class=\"gb-container gb-container-6ec57639 loadondesktop\"><div class=\"gb-inside-container\">\n<div class=\"gb-grid-wrapper gb-grid-wrapper-d212ffc2\">\n<div class=\"gb-grid-column gb-grid-column-6290146c\"><div class=\"gb-container gb-container-6290146c\"><div class=\"gb-inside-container\">\n\n<p class=\"gb-headline gb-headline-a9091560 gb-headline-text\"><strong>Syst\u00e8mes de fa\u00e7ades<\/strong><\/p>\n\n\n\n<h1 class=\"gb-headline gb-headline-ae3932be gb-headline-text\"><strong><strong>Ensemble r\u00e9sidentiel Riedm\u00fchlehof<\/strong><\/strong><\/h1>\n\n<\/div><\/div><\/div>\n<\/div>\n<\/div><\/div>\n\n<div class=\"gb-container gb-container-0f7de636\"><div class=\"gb-inside-container\">\n\n<div class=\"wp-block-uagb-slider uagb-block-fcd85a6a uagb-slider-container\"><div class=\"uagb-slides uagb-swiper\"><div class=\"swiper-wrapper\">\n<div class=\"wp-block-uagb-slider-child uagb-slider-child-wrap swiper-slide uagb-block-73cf9880\"><div class=\"swiper-content\">\n<figure class=\"wp-block-image size-full\"><img loading=\"lazy\" decoding=\"async\" width=\"2000\" height=\"1333\" src=\"https:\/\/balteschwiler.ch\/wp-content\/uploads\/2026\/01\/fassade-2022-weisstanne-lsh-riedmuehlehof-bruettiselen-2.jpg\" alt=\"\" class=\"wp-image-24031\" style=\"aspect-ratio:4\/3;object-fit:cover\" srcset=\"https:\/\/balteschwiler.ch\/wp-content\/uploads\/2026\/01\/fassade-2022-weisstanne-lsh-riedmuehlehof-bruettiselen-2.jpg 2000w, https:\/\/balteschwiler.ch\/wp-content\/uploads\/2026\/01\/fassade-2022-weisstanne-lsh-riedmuehlehof-bruettiselen-2-300x200.jpg 300w, https:\/\/balteschwiler.ch\/wp-content\/uploads\/2026\/01\/fassade-2022-weisstanne-lsh-riedmuehlehof-bruettiselen-2-1024x682.jpg 1024w, https:\/\/balteschwiler.ch\/wp-content\/uploads\/2026\/01\/fassade-2022-weisstanne-lsh-riedmuehlehof-bruettiselen-2-768x512.jpg 768w, https:\/\/balteschwiler.ch\/wp-content\/uploads\/2026\/01\/fassade-2022-weisstanne-lsh-riedmuehlehof-bruettiselen-2-1536x1024.jpg 1536w\" sizes=\"auto, (max-width: 2000px) 100vw, 2000px\" \/><\/figure>\n<\/div><\/div>\n\n\n\n<div class=\"wp-block-uagb-slider-child uagb-slider-child-wrap swiper-slide uagb-block-297ab518\"><div class=\"swiper-content\">\n<figure class=\"wp-block-image size-full\"><img loading=\"lazy\" decoding=\"async\" width=\"2000\" height=\"1333\" src=\"https:\/\/balteschwiler.ch\/wp-content\/uploads\/2026\/01\/fassade-2022-weisstanne-lsh-riedmuehlehof-bruettiselen-1.jpg\" alt=\"\" class=\"wp-image-24029\" style=\"aspect-ratio:4\/3;object-fit:cover\" srcset=\"https:\/\/balteschwiler.ch\/wp-content\/uploads\/2026\/01\/fassade-2022-weisstanne-lsh-riedmuehlehof-bruettiselen-1.jpg 2000w, https:\/\/balteschwiler.ch\/wp-content\/uploads\/2026\/01\/fassade-2022-weisstanne-lsh-riedmuehlehof-bruettiselen-1-300x200.jpg 300w, https:\/\/balteschwiler.ch\/wp-content\/uploads\/2026\/01\/fassade-2022-weisstanne-lsh-riedmuehlehof-bruettiselen-1-1024x682.jpg 1024w, https:\/\/balteschwiler.ch\/wp-content\/uploads\/2026\/01\/fassade-2022-weisstanne-lsh-riedmuehlehof-bruettiselen-1-768x512.jpg 768w, https:\/\/balteschwiler.ch\/wp-content\/uploads\/2026\/01\/fassade-2022-weisstanne-lsh-riedmuehlehof-bruettiselen-1-1536x1024.jpg 1536w\" sizes=\"auto, (max-width: 2000px) 100vw, 2000px\" \/><\/figure>\n<\/div><\/div>\n\n\n\n<div class=\"wp-block-uagb-slider-child uagb-slider-child-wrap swiper-slide uagb-block-2128fd97\"><div class=\"swiper-content\">\n<figure class=\"wp-block-image size-full\"><img loading=\"lazy\" decoding=\"async\" width=\"2560\" height=\"1707\" src=\"https:\/\/balteschwiler.ch\/wp-content\/uploads\/2026\/01\/fassade-2022-weisstanne-lsh-riedmuehlehof-bruettiselen-3-scaled.jpg\" alt=\"\" class=\"wp-image-24035\" style=\"aspect-ratio:4\/3;object-fit:cover\" srcset=\"https:\/\/balteschwiler.ch\/wp-content\/uploads\/2026\/01\/fassade-2022-weisstanne-lsh-riedmuehlehof-bruettiselen-3-scaled.jpg 2560w, https:\/\/balteschwiler.ch\/wp-content\/uploads\/2026\/01\/fassade-2022-weisstanne-lsh-riedmuehlehof-bruettiselen-3-300x200.jpg 300w, https:\/\/balteschwiler.ch\/wp-content\/uploads\/2026\/01\/fassade-2022-weisstanne-lsh-riedmuehlehof-bruettiselen-3-1024x683.jpg 1024w, https:\/\/balteschwiler.ch\/wp-content\/uploads\/2026\/01\/fassade-2022-weisstanne-lsh-riedmuehlehof-bruettiselen-3-768x512.jpg 768w, https:\/\/balteschwiler.ch\/wp-content\/uploads\/2026\/01\/fassade-2022-weisstanne-lsh-riedmuehlehof-bruettiselen-3-1536x1024.jpg 1536w, https:\/\/balteschwiler.ch\/wp-content\/uploads\/2026\/01\/fassade-2022-weisstanne-lsh-riedmuehlehof-bruettiselen-3-2048x1365.jpg 2048w\" sizes=\"auto, (max-width: 2560px) 100vw, 2560px\" \/><\/figure>\n<\/div><\/div>\n\n\n\n<div class=\"wp-block-uagb-slider-child uagb-slider-child-wrap swiper-slide uagb-block-d680947f\"><div class=\"swiper-content\">\n<figure class=\"wp-block-image size-full\"><img loading=\"lazy\" decoding=\"async\" width=\"2560\" height=\"1707\" src=\"https:\/\/balteschwiler.ch\/wp-content\/uploads\/2026\/01\/fassade-2022-weisstanne-lsh-riedmuehlehof-bruettiselen-4-scaled.jpg\" alt=\"\" class=\"wp-image-24037\" style=\"aspect-ratio:4\/3;object-fit:cover\" srcset=\"https:\/\/balteschwiler.ch\/wp-content\/uploads\/2026\/01\/fassade-2022-weisstanne-lsh-riedmuehlehof-bruettiselen-4-scaled.jpg 2560w, https:\/\/balteschwiler.ch\/wp-content\/uploads\/2026\/01\/fassade-2022-weisstanne-lsh-riedmuehlehof-bruettiselen-4-300x200.jpg 300w, https:\/\/balteschwiler.ch\/wp-content\/uploads\/2026\/01\/fassade-2022-weisstanne-lsh-riedmuehlehof-bruettiselen-4-1024x683.jpg 1024w, https:\/\/balteschwiler.ch\/wp-content\/uploads\/2026\/01\/fassade-2022-weisstanne-lsh-riedmuehlehof-bruettiselen-4-768x512.jpg 768w, https:\/\/balteschwiler.ch\/wp-content\/uploads\/2026\/01\/fassade-2022-weisstanne-lsh-riedmuehlehof-bruettiselen-4-1536x1024.jpg 1536w, https:\/\/balteschwiler.ch\/wp-content\/uploads\/2026\/01\/fassade-2022-weisstanne-lsh-riedmuehlehof-bruettiselen-4-2048x1365.jpg 2048w\" sizes=\"auto, (max-width: 2560px) 100vw, 2560px\" \/><\/figure>\n<\/div><\/div>\n\n\n\n<div class=\"wp-block-uagb-slider-child uagb-slider-child-wrap swiper-slide uagb-block-2977e9fc\"><div class=\"swiper-content\">\n<figure class=\"wp-block-image size-full\"><img loading=\"lazy\" decoding=\"async\" width=\"1721\" height=\"2560\" src=\"https:\/\/balteschwiler.ch\/wp-content\/uploads\/2026\/01\/fassade-2022-weisstanne-lsh-riedmuehlehof-bruettiselen-5-1-scaled.jpg\" alt=\"\" class=\"wp-image-24043\" style=\"aspect-ratio:4\/3;object-fit:cover\" srcset=\"https:\/\/balteschwiler.ch\/wp-content\/uploads\/2026\/01\/fassade-2022-weisstanne-lsh-riedmuehlehof-bruettiselen-5-1-scaled.jpg 1721w, https:\/\/balteschwiler.ch\/wp-content\/uploads\/2026\/01\/fassade-2022-weisstanne-lsh-riedmuehlehof-bruettiselen-5-1-202x300.jpg 202w, https:\/\/balteschwiler.ch\/wp-content\/uploads\/2026\/01\/fassade-2022-weisstanne-lsh-riedmuehlehof-bruettiselen-5-1-689x1024.jpg 689w, https:\/\/balteschwiler.ch\/wp-content\/uploads\/2026\/01\/fassade-2022-weisstanne-lsh-riedmuehlehof-bruettiselen-5-1-768x1142.jpg 768w, https:\/\/balteschwiler.ch\/wp-content\/uploads\/2026\/01\/fassade-2022-weisstanne-lsh-riedmuehlehof-bruettiselen-5-1-1033x1536.jpg 1033w, https:\/\/balteschwiler.ch\/wp-content\/uploads\/2026\/01\/fassade-2022-weisstanne-lsh-riedmuehlehof-bruettiselen-5-1-1377x2048.jpg 1377w\" sizes=\"auto, (max-width: 1721px) 100vw, 1721px\" \/><\/figure>\n<\/div><\/div>\n\n\n\n<div class=\"wp-block-uagb-slider-child uagb-slider-child-wrap swiper-slide uagb-block-06b71c9a\"><div class=\"swiper-content\">\n<figure class=\"wp-block-image size-full\"><img loading=\"lazy\" decoding=\"async\" width=\"2000\" height=\"1333\" src=\"https:\/\/balteschwiler.ch\/wp-content\/uploads\/2026\/01\/fassade-2022-weisstanne-lsh-riedmuehlehof-bruettiselen-7.jpg\" alt=\"\" class=\"wp-image-24033\" style=\"aspect-ratio:4\/3;object-fit:cover\" srcset=\"https:\/\/balteschwiler.ch\/wp-content\/uploads\/2026\/01\/fassade-2022-weisstanne-lsh-riedmuehlehof-bruettiselen-7.jpg 2000w, https:\/\/balteschwiler.ch\/wp-content\/uploads\/2026\/01\/fassade-2022-weisstanne-lsh-riedmuehlehof-bruettiselen-7-300x200.jpg 300w, https:\/\/balteschwiler.ch\/wp-content\/uploads\/2026\/01\/fassade-2022-weisstanne-lsh-riedmuehlehof-bruettiselen-7-1024x682.jpg 1024w, https:\/\/balteschwiler.ch\/wp-content\/uploads\/2026\/01\/fassade-2022-weisstanne-lsh-riedmuehlehof-bruettiselen-7-768x512.jpg 768w, https:\/\/balteschwiler.ch\/wp-content\/uploads\/2026\/01\/fassade-2022-weisstanne-lsh-riedmuehlehof-bruettiselen-7-1536x1024.jpg 1536w\" sizes=\"auto, (max-width: 2000px) 100vw, 2000px\" \/><\/figure>\n<\/div><\/div>\n<\/div><\/div><div class=\"swiper-button-prev\"><\/div><div class=\"swiper-button-next\"><\/div><\/div>\n\n\n\n<div style=\"height:50px\" aria-hidden=\"true\" class=\"wp-block-spacer\"><\/div>\n\n\n\n<div class=\"wp-block-columns is-layout-flex wp-container-core-columns-is-layout-9d6595d7 wp-block-columns-is-layout-flex\">\n<div class=\"wp-block-column is-layout-flow wp-block-column-is-layout-flow\" style=\"flex-basis:66.66%\">\n<hr class=\"wp-block-separator has-text-color has-contrast-color has-alpha-channel-opacity has-contrast-background-color has-background\"\/>\n\n\n\n<h2 class=\"wp-block-heading\"><strong><strong><strong>Ensemble de maisons en bande et immeubles r\u00e9sidentiels \u00e0 Br\u00fcttisellen<\/strong><\/strong><\/strong><\/h2>\n\n\n\n<p>Entre 2019 et 2022, l\u2019ensemble r\u00e9sidentiel Riedm\u00fchlehof a \u00e9t\u00e9 r\u00e9alis\u00e9 \u00e0 Br\u00fcttisellen. Le projet comprend six maisons mitoyennes, deux immeubles r\u00e9sidentiels ainsi que la transformation d\u2019une ferme class\u00e9e du XIX\u1d49&nbsp;si\u00e8cle. Les nouveaux b\u00e2timents s\u2019inspirent de la typologie rurale existante et forment, avec le b\u00e2ti historique, un ensemble villageois structur\u00e9 autour d\u2019une cour int\u00e9rieure v\u00e9g\u00e9talis\u00e9e, lieu de rencontre et de vie.<\/p>\n\n\n\n<p>Balteschwiler SA a fourni le rev\u00eatement de fa\u00e7ade en&nbsp;<strong>sapin blanc suisse<\/strong>&nbsp;: 1\u2019426 m\u00b2 de bardage \u00e0 rainure et languette ainsi que 9\u2019408 m\u00e8tres lin\u00e9aires de couvre-joints, finition sci\u00e9e brute et trait\u00e9e en deux couches. Le caract\u00e8re naturel du bois, la teinte ma\u00eetris\u00e9e et la pr\u00e9cision d\u2019ex\u00e9cution renforcent l\u2019expression architecturale et assurent une int\u00e9gration harmonieuse des constructions neuves dans leur contexte.<\/p>\n\n\n\n<p>Ce projet illustre parfaitement la contribution de produits en bois durables et d\u2019origine suisse \u00e0 la qualit\u00e9, \u00e0 la p\u00e9rennit\u00e9 et \u00e0 l\u2019identit\u00e9 architecturale d\u2019un ensemble r\u00e9sidentiel contemporain.<\/p>\n\n\n<div class=\"gb-button-wrapper gb-button-wrapper-7c34dbc8\">\n\n<a class=\"gb-button gb-button-b8c1b8eb gb-button-text smooth-scroll button-border-none\" href=\"https:\/\/balteschwiler.ch\/wp-content\/uploads\/2026\/01\/fassade-2022-weisstanne-lsh-riedmuehlehof-bruettiselen-fr.pdf\" target=\"_blank\" rel=\"noopener noreferrer\">Fiche de r\u00e9f\u00e9rence<\/a>\n\n<\/div><\/div>\n\n\n\n<div class=\"wp-block-column spalte-custom-space-left is-layout-flow wp-block-column-is-layout-flow\" style=\"flex-basis:33.33%\">\n<hr class=\"wp-block-separator has-text-color has-contrast-color has-alpha-channel-opacity has-contrast-background-color has-background\"\/>\n\n\n\n<p><strong>Ann\u00e9e de construction :<\/strong><br>2019\u20132022<\/p>\n\n\n\n<p><strong>Type de b\u00e2timent \/ usage : <\/strong>Ensemble r\u00e9sidentiel (maisons mitoyennes et immeubles)<\/p>\n\n\n\n<p><strong>Ma\u00eetre d\u2019ouvrage :\u00a0<\/strong><br>AI Arte Immo AG<\/p>\n\n\n\n<p><strong>Architecture : <\/strong><br>L\u00fcdi &amp; M\u00fcntener Architekten GmbH, Zurich<\/p>\n\n\n\n<p><strong>Partenaires d\u2019ex\u00e9cution :\u00a0 <\/strong>Kunz AG, Dietlikon<\/p>\n\n\n\n<p><strong>Produits et services fournis par Balteschwiler :<\/strong><br>bardage en sapin blanc Labellis\u00e9 Bois Suisse, double traitement selon NCS S 6010,<br>baguettes de finition en sapin blanc Label Bois Suisse, double traitement selon NCS S 6010<\/p>\n<\/div>\n<\/div>\n\n\n\n<div style=\"height:50px\" aria-hidden=\"true\" class=\"wp-block-spacer\"><\/div>\n\n<\/div><\/div>","protected":false},"excerpt":{"rendered":"<p>Ensemble de maisons en bande et immeubles r\u00e9sidentiels \u00e0 Br\u00fcttisellen Entre 2019 et 2022, l\u2019ensemble r\u00e9sidentiel Riedm\u00fchlehof a \u00e9t\u00e9 r\u00e9alis\u00e9 \u00e0 Br\u00fcttisellen. Le projet comprend six maisons mitoyennes, deux immeubles &#8230; <a title=\"Syst\u00e8mes de fa\u00e7ades, ensemble r\u00e9sidentiel Riedm\u00fchlehof\" class=\"read-more\" href=\"https:\/\/balteschwiler.ch\/fr\/references\/systemes-de-facades-ensemble-residentiel-riedmuhlehof\/\" aria-label=\"En savoir plus sur Syst\u00e8mes de fa\u00e7ades, ensemble r\u00e9sidentiel Riedm\u00fchlehof\">Mehr<\/a><\/p>\n","protected":false},"author":3,"featured_media":0,"parent":8941,"menu_order":0,"comment_status":"closed","ping_status":"closed","template":"","meta":{"_acf_changed":false,"inline_featured_image":false,"_uag_custom_page_level_css":"","footnotes":""},"class_list":["post-24160","page","type-page","status-publish"],"acf":[],"yoast_head":"<!-- This site is optimized with the Yoast SEO plugin v27.5 - https:\/\/yoast.com\/product\/yoast-seo-wordpress\/ -->\n<title>Syst\u00e8mes de fa\u00e7ades, ensemble r\u00e9sidentiel Riedm\u00fchlehof - Balteschwiler AG<\/title>\n<meta name=\"robots\" content=\"index, follow, max-snippet:-1, max-image-preview:large, max-video-preview:-1\" \/>\n<link rel=\"canonical\" href=\"https:\/\/balteschwiler.ch\/fr\/references\/systemes-de-facades-ensemble-residentiel-riedmuhlehof\/\" \/>\n<meta property=\"og:locale\" content=\"fr_FR\" \/>\n<meta property=\"og:type\" content=\"article\" \/>\n<meta property=\"og:title\" content=\"Syst\u00e8mes de fa\u00e7ades, ensemble r\u00e9sidentiel Riedm\u00fchlehof - Balteschwiler AG\" \/>\n<meta property=\"og:description\" content=\"Ensemble de maisons en bande et immeubles r\u00e9sidentiels \u00e0 Br\u00fcttisellen Entre 2019 et 2022, l\u2019ensemble r\u00e9sidentiel Riedm\u00fchlehof a \u00e9t\u00e9 r\u00e9alis\u00e9 \u00e0 Br\u00fcttisellen. Le projet comprend six maisons mitoyennes, deux immeubles ... Mehr\" \/>\n<meta property=\"og:url\" content=\"https:\/\/balteschwiler.ch\/fr\/references\/systemes-de-facades-ensemble-residentiel-riedmuhlehof\/\" \/>\n<meta property=\"og:site_name\" content=\"Balteschwiler AG\" \/>\n<meta property=\"article:publisher\" content=\"https:\/\/www.facebook.com\/balteschwiler\" \/>\n<meta property=\"article:modified_time\" content=\"2026-01-14T07:54:00+00:00\" \/>\n<meta property=\"og:image\" content=\"https:\/\/balteschwiler.ch\/wp-content\/uploads\/2026\/01\/fassade-2022-weisstanne-lsh-riedmuehlehof-bruettiselen-2.jpg\" \/>\n\t<meta property=\"og:image:width\" content=\"2000\" \/>\n\t<meta property=\"og:image:height\" content=\"1333\" \/>\n\t<meta property=\"og:image:type\" content=\"image\/jpeg\" \/>\n<meta name=\"twitter:card\" content=\"summary_large_image\" \/>\n<meta name=\"twitter:label1\" content=\"Dur\u00e9e de lecture estim\u00e9e\" \/>\n\t<meta name=\"twitter:data1\" content=\"3 minutes\" \/>\n<script type=\"application\/ld+json\" class=\"yoast-schema-graph\">{\"@context\":\"https:\\\/\\\/schema.org\",\"@graph\":[{\"@type\":\"WebPage\",\"@id\":\"https:\\\/\\\/balteschwiler.ch\\\/fr\\\/references\\\/systemes-de-facades-ensemble-residentiel-riedmuhlehof\\\/\",\"url\":\"https:\\\/\\\/balteschwiler.ch\\\/fr\\\/references\\\/systemes-de-facades-ensemble-residentiel-riedmuhlehof\\\/\",\"name\":\"Syst\u00e8mes de fa\u00e7ades, ensemble r\u00e9sidentiel Riedm\u00fchlehof - Balteschwiler AG\",\"isPartOf\":{\"@id\":\"https:\\\/\\\/balteschwiler.ch\\\/#website\"},\"primaryImageOfPage\":{\"@id\":\"https:\\\/\\\/balteschwiler.ch\\\/fr\\\/references\\\/systemes-de-facades-ensemble-residentiel-riedmuhlehof\\\/#primaryimage\"},\"image\":{\"@id\":\"https:\\\/\\\/balteschwiler.ch\\\/fr\\\/references\\\/systemes-de-facades-ensemble-residentiel-riedmuhlehof\\\/#primaryimage\"},\"thumbnailUrl\":\"https:\\\/\\\/balteschwiler.ch\\\/wp-content\\\/uploads\\\/2026\\\/01\\\/fassade-2022-weisstanne-lsh-riedmuehlehof-bruettiselen-2.jpg\",\"datePublished\":\"2026-01-14T07:49:30+00:00\",\"dateModified\":\"2026-01-14T07:54:00+00:00\",\"breadcrumb\":{\"@id\":\"https:\\\/\\\/balteschwiler.ch\\\/fr\\\/references\\\/systemes-de-facades-ensemble-residentiel-riedmuhlehof\\\/#breadcrumb\"},\"inLanguage\":\"fr-FR\",\"potentialAction\":[{\"@type\":\"ReadAction\",\"target\":[\"https:\\\/\\\/balteschwiler.ch\\\/fr\\\/references\\\/systemes-de-facades-ensemble-residentiel-riedmuhlehof\\\/\"]}]},{\"@type\":\"ImageObject\",\"inLanguage\":\"fr-FR\",\"@id\":\"https:\\\/\\\/balteschwiler.ch\\\/fr\\\/references\\\/systemes-de-facades-ensemble-residentiel-riedmuhlehof\\\/#primaryimage\",\"url\":\"https:\\\/\\\/balteschwiler.ch\\\/wp-content\\\/uploads\\\/2026\\\/01\\\/fassade-2022-weisstanne-lsh-riedmuehlehof-bruettiselen-2.jpg\",\"contentUrl\":\"https:\\\/\\\/balteschwiler.ch\\\/wp-content\\\/uploads\\\/2026\\\/01\\\/fassade-2022-weisstanne-lsh-riedmuehlehof-bruettiselen-2.jpg\"},{\"@type\":\"BreadcrumbList\",\"@id\":\"https:\\\/\\\/balteschwiler.ch\\\/fr\\\/references\\\/systemes-de-facades-ensemble-residentiel-riedmuhlehof\\\/#breadcrumb\",\"itemListElement\":[{\"@type\":\"ListItem\",\"position\":1,\"name\":\"R\u00e9f\u00e9rences\",\"item\":\"https:\\\/\\\/balteschwiler.ch\\\/fr\\\/references\\\/\"},{\"@type\":\"ListItem\",\"position\":2,\"name\":\"Syst\u00e8mes de fa\u00e7ades, ensemble r\u00e9sidentiel Riedm\u00fchlehof\"}]},{\"@type\":\"WebSite\",\"@id\":\"https:\\\/\\\/balteschwiler.ch\\\/#website\",\"url\":\"https:\\\/\\\/balteschwiler.ch\\\/\",\"name\":\"Balteschwiler AG\",\"description\":\"\",\"publisher\":{\"@id\":\"https:\\\/\\\/balteschwiler.ch\\\/#organization\"},\"potentialAction\":[{\"@type\":\"SearchAction\",\"target\":{\"@type\":\"EntryPoint\",\"urlTemplate\":\"https:\\\/\\\/balteschwiler.ch\\\/?s={search_term_string}\"},\"query-input\":{\"@type\":\"PropertyValueSpecification\",\"valueRequired\":true,\"valueName\":\"search_term_string\"}}],\"inLanguage\":\"fr-FR\"},{\"@type\":\"Organization\",\"@id\":\"https:\\\/\\\/balteschwiler.ch\\\/#organization\",\"name\":\"Balteschwiler AG\",\"url\":\"https:\\\/\\\/balteschwiler.ch\\\/\",\"logo\":{\"@type\":\"ImageObject\",\"inLanguage\":\"fr-FR\",\"@id\":\"https:\\\/\\\/balteschwiler.ch\\\/#\\\/schema\\\/logo\\\/image\\\/\",\"url\":\"https:\\\/\\\/balteschwiler.ch\\\/wp-content\\\/uploads\\\/2022\\\/09\\\/rz_BAL_Logo_d_rgb.png\",\"contentUrl\":\"https:\\\/\\\/balteschwiler.ch\\\/wp-content\\\/uploads\\\/2022\\\/09\\\/rz_BAL_Logo_d_rgb.png\",\"width\":1182,\"height\":224,\"caption\":\"Balteschwiler AG\"},\"image\":{\"@id\":\"https:\\\/\\\/balteschwiler.ch\\\/#\\\/schema\\\/logo\\\/image\\\/\"},\"sameAs\":[\"https:\\\/\\\/www.facebook.com\\\/balteschwiler\"]}]}<\/script>\n<!-- \/ Yoast SEO plugin. -->","yoast_head_json":{"title":"Syst\u00e8mes de fa\u00e7ades, ensemble r\u00e9sidentiel Riedm\u00fchlehof - Balteschwiler AG","robots":{"index":"index","follow":"follow","max-snippet":"max-snippet:-1","max-image-preview":"max-image-preview:large","max-video-preview":"max-video-preview:-1"},"canonical":"https:\/\/balteschwiler.ch\/fr\/references\/systemes-de-facades-ensemble-residentiel-riedmuhlehof\/","og_locale":"fr_FR","og_type":"article","og_title":"Syst\u00e8mes de fa\u00e7ades, ensemble r\u00e9sidentiel Riedm\u00fchlehof - Balteschwiler AG","og_description":"Ensemble de maisons en bande et immeubles r\u00e9sidentiels \u00e0 Br\u00fcttisellen Entre 2019 et 2022, l\u2019ensemble r\u00e9sidentiel Riedm\u00fchlehof a \u00e9t\u00e9 r\u00e9alis\u00e9 \u00e0 Br\u00fcttisellen. Le projet comprend six maisons mitoyennes, deux immeubles ... Mehr","og_url":"https:\/\/balteschwiler.ch\/fr\/references\/systemes-de-facades-ensemble-residentiel-riedmuhlehof\/","og_site_name":"Balteschwiler AG","article_publisher":"https:\/\/www.facebook.com\/balteschwiler","article_modified_time":"2026-01-14T07:54:00+00:00","og_image":[{"width":2000,"height":1333,"url":"https:\/\/balteschwiler.ch\/wp-content\/uploads\/2026\/01\/fassade-2022-weisstanne-lsh-riedmuehlehof-bruettiselen-2.jpg","type":"image\/jpeg"}],"twitter_card":"summary_large_image","twitter_misc":{"Dur\u00e9e de lecture estim\u00e9e":"3 minutes"},"schema":{"@context":"https:\/\/schema.org","@graph":[{"@type":"WebPage","@id":"https:\/\/balteschwiler.ch\/fr\/references\/systemes-de-facades-ensemble-residentiel-riedmuhlehof\/","url":"https:\/\/balteschwiler.ch\/fr\/references\/systemes-de-facades-ensemble-residentiel-riedmuhlehof\/","name":"Syst\u00e8mes de fa\u00e7ades, ensemble r\u00e9sidentiel Riedm\u00fchlehof - Balteschwiler AG","isPartOf":{"@id":"https:\/\/balteschwiler.ch\/#website"},"primaryImageOfPage":{"@id":"https:\/\/balteschwiler.ch\/fr\/references\/systemes-de-facades-ensemble-residentiel-riedmuhlehof\/#primaryimage"},"image":{"@id":"https:\/\/balteschwiler.ch\/fr\/references\/systemes-de-facades-ensemble-residentiel-riedmuhlehof\/#primaryimage"},"thumbnailUrl":"https:\/\/balteschwiler.ch\/wp-content\/uploads\/2026\/01\/fassade-2022-weisstanne-lsh-riedmuehlehof-bruettiselen-2.jpg","datePublished":"2026-01-14T07:49:30+00:00","dateModified":"2026-01-14T07:54:00+00:00","breadcrumb":{"@id":"https:\/\/balteschwiler.ch\/fr\/references\/systemes-de-facades-ensemble-residentiel-riedmuhlehof\/#breadcrumb"},"inLanguage":"fr-FR","potentialAction":[{"@type":"ReadAction","target":["https:\/\/balteschwiler.ch\/fr\/references\/systemes-de-facades-ensemble-residentiel-riedmuhlehof\/"]}]},{"@type":"ImageObject","inLanguage":"fr-FR","@id":"https:\/\/balteschwiler.ch\/fr\/references\/systemes-de-facades-ensemble-residentiel-riedmuhlehof\/#primaryimage","url":"https:\/\/balteschwiler.ch\/wp-content\/uploads\/2026\/01\/fassade-2022-weisstanne-lsh-riedmuehlehof-bruettiselen-2.jpg","contentUrl":"https:\/\/balteschwiler.ch\/wp-content\/uploads\/2026\/01\/fassade-2022-weisstanne-lsh-riedmuehlehof-bruettiselen-2.jpg"},{"@type":"BreadcrumbList","@id":"https:\/\/balteschwiler.ch\/fr\/references\/systemes-de-facades-ensemble-residentiel-riedmuhlehof\/#breadcrumb","itemListElement":[{"@type":"ListItem","position":1,"name":"R\u00e9f\u00e9rences","item":"https:\/\/balteschwiler.ch\/fr\/references\/"},{"@type":"ListItem","position":2,"name":"Syst\u00e8mes de fa\u00e7ades, ensemble r\u00e9sidentiel Riedm\u00fchlehof"}]},{"@type":"WebSite","@id":"https:\/\/balteschwiler.ch\/#website","url":"https:\/\/balteschwiler.ch\/","name":"Balteschwiler AG","description":"","publisher":{"@id":"https:\/\/balteschwiler.ch\/#organization"},"potentialAction":[{"@type":"SearchAction","target":{"@type":"EntryPoint","urlTemplate":"https:\/\/balteschwiler.ch\/?s={search_term_string}"},"query-input":{"@type":"PropertyValueSpecification","valueRequired":true,"valueName":"search_term_string"}}],"inLanguage":"fr-FR"},{"@type":"Organization","@id":"https:\/\/balteschwiler.ch\/#organization","name":"Balteschwiler AG","url":"https:\/\/balteschwiler.ch\/","logo":{"@type":"ImageObject","inLanguage":"fr-FR","@id":"https:\/\/balteschwiler.ch\/#\/schema\/logo\/image\/","url":"https:\/\/balteschwiler.ch\/wp-content\/uploads\/2022\/09\/rz_BAL_Logo_d_rgb.png","contentUrl":"https:\/\/balteschwiler.ch\/wp-content\/uploads\/2022\/09\/rz_BAL_Logo_d_rgb.png","width":1182,"height":224,"caption":"Balteschwiler AG"},"image":{"@id":"https:\/\/balteschwiler.ch\/#\/schema\/logo\/image\/"},"sameAs":["https:\/\/www.facebook.com\/balteschwiler"]}]}},"uagb_featured_image_src":{"full":false,"thumbnail":false,"medium":false,"medium_large":false,"large":false,"1536x1536":false,"2048x2048":false,"gform-image-choice-sm":false,"gform-image-choice-md":false,"gform-image-choice-lg":false},"uagb_author_info":{"display_name":"Franziska H\u00e4nni","author_link":"https:\/\/balteschwiler.ch\/fr\/author\/f-haenni\/"},"uagb_comment_info":0,"uagb_excerpt":"Ensemble de maisons en bande et immeubles r\u00e9sidentiels \u00e0 Br\u00fcttisellen Entre 2019 et 2022, l\u2019ensemble r\u00e9sidentiel Riedm\u00fchlehof a \u00e9t\u00e9 r\u00e9alis\u00e9 \u00e0 Br\u00fcttisellen. Le projet comprend six maisons mitoyennes, deux immeubles ... Mehr","_links":{"self":[{"href":"https:\/\/balteschwiler.ch\/fr\/wp-json\/wp\/v2\/pages\/24160","targetHints":{"allow":["GET"]}}],"collection":[{"href":"https:\/\/balteschwiler.ch\/fr\/wp-json\/wp\/v2\/pages"}],"about":[{"href":"https:\/\/balteschwiler.ch\/fr\/wp-json\/wp\/v2\/types\/page"}],"author":[{"embeddable":true,"href":"https:\/\/balteschwiler.ch\/fr\/wp-json\/wp\/v2\/users\/3"}],"replies":[{"embeddable":true,"href":"https:\/\/balteschwiler.ch\/fr\/wp-json\/wp\/v2\/comments?post=24160"}],"version-history":[{"count":1,"href":"https:\/\/balteschwiler.ch\/fr\/wp-json\/wp\/v2\/pages\/24160\/revisions"}],"predecessor-version":[{"id":24177,"href":"https:\/\/balteschwiler.ch\/fr\/wp-json\/wp\/v2\/pages\/24160\/revisions\/24177"}],"up":[{"embeddable":true,"href":"https:\/\/balteschwiler.ch\/fr\/wp-json\/wp\/v2\/pages\/8941"}],"wp:attachment":[{"href":"https:\/\/balteschwiler.ch\/fr\/wp-json\/wp\/v2\/media?parent=24160"}],"curies":[{"name":"wp","href":"https:\/\/api.w.org\/{rel}","templated":true}]}}