{"id":5482,"date":"2022-09-15T08:26:08","date_gmt":"2022-09-15T06:26:08","guid":{"rendered":"https:\/\/balteschwiler.ch\/produits-de-construction-en-bois\/systemes-de-terrasses\/"},"modified":"2025-03-06T08:39:10","modified_gmt":"2025-03-06T07:39:10","slug":"systemes-de-terrasses","status":"publish","type":"page","link":"https:\/\/balteschwiler.ch\/fr\/produits-de-construction-en-bois\/systemes-de-terrasses\/","title":{"rendered":"Syst\u00e8mes de terrasses"},"content":{"rendered":"<div class=\"gb-container gb-container-6ec57639 loadondesktop keyvisual-terrassensysteme\"><div class=\"gb-inside-container\">\n<div class=\"gb-grid-wrapper gb-grid-wrapper-d212ffc2\">\n<div class=\"gb-grid-column gb-grid-column-6290146c\"><div class=\"gb-container gb-container-6290146c\"><div class=\"gb-inside-container\">\n\n<h2 class=\"gb-headline gb-headline-ae3932be gb-headline-text\">Syst\u00e8mes de terrasses: astucieux et naturellement beaux en bois<\/h2>\n\n<\/div><\/div><\/div>\n<\/div>\n<\/div><\/div>\n\n<div class=\"gb-container gb-container-fc185105 loadondesktop\"><div class=\"gb-inside-container\">\n<div class=\"gb-grid-wrapper gb-grid-wrapper-980b647c\">\n<div class=\"gb-grid-column gb-grid-column-fde21122\"><div class=\"gb-container gb-container-fde21122\"><div class=\"gb-inside-container\">\n\n<figure class=\"wp-block-gallery has-nested-images columns-5 gallery-3icons has-base-3-background-color has-background wp-block-gallery-1 is-layout-flex wp-block-gallery-is-layout-flex\">\n<figure class=\"wp-block-image size-large teaser-icons-desktop\"><a href=\"https:\/\/balteschwiler.ch\/fr\/produits-de-construction-en-bois\/systemes-de-terrasses\/lames-de-terrasse\/\"><img decoding=\"async\" data-id=\"6109\" src=\"https:\/\/balteschwiler.ch\/wp-content\/uploads\/2023\/04\/BAL-Icon_FR_terrassendielen.svg\" alt=\"\" class=\"wp-image-6109\"\/><\/a><\/figure>\n\n\n\n<figure class=\"wp-block-image size-large teaser-icons-desktop\"><img decoding=\"async\" data-id=\"6112\" src=\"https:\/\/balteschwiler.ch\/wp-content\/uploads\/2023\/04\/BAL-Icon_FR_sichtschutzelemente.svg\" alt=\"\" class=\"wp-image-6112\"\/><\/figure>\n\n\n\n<figure class=\"wp-block-image size-large teaser-icons-desktop\"><img decoding=\"async\" data-id=\"6115\" src=\"https:\/\/balteschwiler.ch\/wp-content\/uploads\/2023\/04\/BAL-Icon_FR_schallschutzelemente.svg\" alt=\"\" class=\"wp-image-6115\"\/><\/figure>\n<\/figure>\n\n<\/div><\/div><\/div>\n<\/div>\n<\/div><\/div>\n\n<div class=\"gb-container gb-container-296cc19d loadonmobile\"><div class=\"gb-inside-container\">\n\n<h1 class=\"wp-block-heading\">Syst\u00e8mes de terrasses:\nAstucieux et naturellement beaux en bois<\/h1>\n\n\n\n<figure class=\"wp-block-image alignfull size-large\"><img loading=\"lazy\" decoding=\"async\" width=\"1024\" height=\"511\" src=\"https:\/\/balteschwiler.ch\/wp-content\/uploads\/2023\/04\/terrassensysteme-kebony-referenz-19_1500x748-1024x511.jpg\" alt=\"Syst\u00e8mes de terrasses bois Kebony \" class=\"wp-image-5444\" srcset=\"https:\/\/balteschwiler.ch\/wp-content\/uploads\/2023\/04\/terrassensysteme-kebony-referenz-19_1500x748-1024x511.jpg 1024w, https:\/\/balteschwiler.ch\/wp-content\/uploads\/2023\/04\/terrassensysteme-kebony-referenz-19_1500x748-300x150.jpg 300w, https:\/\/balteschwiler.ch\/wp-content\/uploads\/2023\/04\/terrassensysteme-kebony-referenz-19_1500x748-768x383.jpg 768w, https:\/\/balteschwiler.ch\/wp-content\/uploads\/2023\/04\/terrassensysteme-kebony-referenz-19_1500x748.jpg 1500w\" sizes=\"auto, (max-width: 1024px) 100vw, 1024px\" \/><\/figure>\n\n<\/div><\/div>\n\n<div class=\"gb-container gb-container-ce06048c\"><div class=\"gb-inside-container\">\n\n<p class=\"intro-text has-medium-font-size\">La terrasse \u00e9largit l&rsquo;espace de vie et le relie au jardin. Ici aussi, les habitants souhaitent se sentir \u00e0 l&rsquo;aise et profiter d&rsquo;une atmosph\u00e8re confortable. Les syst\u00e8mes de terrasse et les pare-vues de Balteschwiler SA en bois naturel, en bois thermique ou en nouveaux mat\u00e9riaux comme le Kebony ou le WPC s&rsquo;y pr\u00eatent parfaitement.<\/p>\n\n\n\n<p class=\"intro-text has-medium-font-size\">Avec nos mat\u00e9riaux de haute qualit\u00e9, vous n&rsquo;assurez pas seulement le bien-\u00eatre dans votre jardin, mais vous profitez \u00e9galement d&rsquo;une multitude de produits de syst\u00e8mes en bois pour l&rsquo;am\u00e9nagement de l&rsquo;environnement, le tout d&rsquo;un seul tenant.<\/p>\n\n<\/div><\/div>\n\n<div class=\"gb-container gb-container-30a012d6 custom-container-gruen\"><div class=\"gb-inside-container\">\n\n<h2 class=\"wp-block-heading\">Syst\u00e8mes de terrasses chez Balteschwiler SA<\/h2>\n\n\n\n<p class=\"has-medium-font-size\">Outre les syst\u00e8mes de terrasses purs compos\u00e9s de planches et d&rsquo;une sous-construction avec fixation, nous proposons \u00e9galement des \u00e9l\u00e9ments de protection visuelle et acoustique ainsi que des cl\u00f4tures. Nous accordons une grande importance aux solutions en syst\u00e8mes. Nos produits pour l&rsquo;am\u00e9nagement de l&rsquo;environnement peuvent ainsi \u00eatre mont\u00e9s facilement et en toute s\u00e9curit\u00e9. En savoir plus sur notre assortiment.<\/p>\n\n<\/div><\/div>\n\n<div class=\"gb-container gb-container-ff74ca42\"><div class=\"gb-inside-container\">\n\n<div class=\"wp-block-columns is-layout-flex wp-container-core-columns-is-layout-9d6595d7 wp-block-columns-is-layout-flex\">\n<div class=\"wp-block-column is-layout-flow wp-block-column-is-layout-flow\">\n<figure class=\"wp-block-image size-full\"><img loading=\"lazy\" decoding=\"async\" width=\"700\" height=\"506\" src=\"https:\/\/balteschwiler.ch\/wp-content\/uploads\/2023\/04\/terrassensysteme-kebony-referenz-3_700x506.jpg\" alt=\"Syst\u00e8mes de terrasses bois Kebony \" class=\"wp-image-5450\" srcset=\"https:\/\/balteschwiler.ch\/wp-content\/uploads\/2023\/04\/terrassensysteme-kebony-referenz-3_700x506.jpg 700w, https:\/\/balteschwiler.ch\/wp-content\/uploads\/2023\/04\/terrassensysteme-kebony-referenz-3_700x506-300x217.jpg 300w\" sizes=\"auto, (max-width: 700px) 100vw, 700px\" \/><\/figure>\n<\/div>\n\n\n\n<div class=\"wp-block-column is-layout-flow wp-block-column-is-layout-flow\">\n<h3 class=\"wp-block-heading column-custom-margin top-column-title-space no-bottom-space-holzbauprodukte\">Lames de terrasse<\/h3>\n\n\n\n<p class=\"column-custom-margin font-size-small-custom column-custom-margin-right has-medium-font-size\">Nous produisons et commercialisons des lames de terrasse en diff\u00e9rentes essences de bois comme le m\u00e9l\u00e8ze, le douglas ou le pin.<\/p>\n\n\n\n<p class=\"column-custom-margin font-size-small-custom column-custom-margin-right has-medium-font-size\">En outre, vous trouverez \u00e9galement dans notre assortiment de lames de terrasse le bois modifi\u00e9 Kebony ainsi que des lames WPC d&rsquo;UPM. Avec la technologie Kebony, originaire de Norv\u00e8ge, la structure cellulaire des bois tendres est renforc\u00e9e par un liquide \u00e0 base biologique, ce qui rend le bois tr\u00e8s r\u00e9sistant. Les lames WPC, quant \u00e0 elles, sont compos\u00e9es d&rsquo;un mat\u00e9riau composite bois-plastique qui est particuli\u00e8rement durable \u00e0 l&rsquo;ext\u00e9rieur. Gr\u00e2ce \u00e0 nos solutions syst\u00e8me, le montage est tr\u00e8s simple.<\/p>\n\n\n<div class=\"gb-button-wrapper gb-button-wrapper-7c34dbc8 column-custom-margin\">\n\n<a class=\"gb-button gb-button-b8c1b8eb gb-button-text smooth-scroll button-border-none\" href=\"https:\/\/balteschwiler.ch\/fr\/produits-de-construction-en-bois\/systemes-de-terrasses\/lames-de-terrasse\/\">En savoir plus<\/a>\n\n<\/div><\/div>\n<\/div>\n\n\n\n<div class=\"wp-block-columns is-layout-flex wp-container-core-columns-is-layout-9d6595d7 wp-block-columns-is-layout-flex\">\n<div class=\"wp-block-column is-layout-flow wp-block-column-is-layout-flow\">\n<h3 class=\"wp-block-heading column-custom-margin top-column-title-space no-bottom-space-holzbauprodukte\" id=\"sichtschutz\">Syst\u00e8mes de pare-vues<\/h3>\n\n\n\n<p class=\"column-custom-margin font-size-small-custom column-custom-margin-right has-medium-font-size\">Outre les lames de terrasse, vous pouvez \u00e9galement acheter chez nous des syst\u00e8mes de protection visuelle. Notre assortiment comprend les mat\u00e9riaux les plus divers pour r\u00e9pondre \u00e0 toutes les exigences et \u00e0 tous les souhaits d&rsquo;am\u00e9nagement, par exemple des essences de bois comme le m\u00e9l\u00e8ze, le kebony et le pin thermique, des mat\u00e9riaux composites comme le WPC et l&rsquo;aluminium. Les syst\u00e8mes s\u00fbrs et test\u00e9s sont propos\u00e9s avec les accessoires n\u00e9cessaires et permettent un montage simple et s\u00fbr.<\/p>\n\n\n<div class=\"gb-button-wrapper gb-button-wrapper-3b98cfa5 column-custom-margin\">\n\n<a class=\"gb-button gb-button-6514145c gb-button-text smooth-scroll button-border-none\" href=\"https:\/\/balteschwiler.ch\/wp-content\/uploads\/2025\/02\/bal-garten-terrassen-2026-fr-interaktiv.pdf\" target=\"_blank\" rel=\"noopener noreferrer\">Liste de prix et catalogue <br>Terrasse &amp; pare-vues<\/a>\n\n<\/div><\/div>\n\n\n\n<div class=\"wp-block-column is-layout-flow wp-block-column-is-layout-flow\">\n<figure class=\"wp-block-image size-full\"><img loading=\"lazy\" decoding=\"async\" width=\"700\" height=\"752\" src=\"https:\/\/balteschwiler.ch\/wp-content\/uploads\/2023\/04\/Sichtschutz_Teaser_Inhalt_v2.jpg\" alt=\"Sichtschutz\" class=\"wp-image-5704\" srcset=\"https:\/\/balteschwiler.ch\/wp-content\/uploads\/2023\/04\/Sichtschutz_Teaser_Inhalt_v2.jpg 700w, https:\/\/balteschwiler.ch\/wp-content\/uploads\/2023\/04\/Sichtschutz_Teaser_Inhalt_v2-279x300.jpg 279w\" sizes=\"auto, (max-width: 700px) 100vw, 700px\" \/><\/figure>\n<\/div>\n<\/div>\n\n\n\n<div class=\"wp-block-columns is-layout-flex wp-container-core-columns-is-layout-9d6595d7 wp-block-columns-is-layout-flex\">\n<div class=\"wp-block-column is-layout-flow wp-block-column-is-layout-flow\">\n<figure class=\"wp-block-image size-full\"><img loading=\"lazy\" decoding=\"async\" width=\"700\" height=\"631\" src=\"https:\/\/balteschwiler.ch\/wp-content\/uploads\/2023\/04\/Schallschutz_Teaser_Inhalt_v2.jpg\" alt=\"Schallschutzsysteme\" class=\"wp-image-5707\" srcset=\"https:\/\/balteschwiler.ch\/wp-content\/uploads\/2023\/04\/Schallschutz_Teaser_Inhalt_v2.jpg 700w, https:\/\/balteschwiler.ch\/wp-content\/uploads\/2023\/04\/Schallschutz_Teaser_Inhalt_v2-300x270.jpg 300w\" sizes=\"auto, (max-width: 700px) 100vw, 700px\" \/><\/figure>\n<\/div>\n\n\n\n<div class=\"wp-block-column is-layout-flow wp-block-column-is-layout-flow\">\n<h3 class=\"wp-block-heading column-custom-margin top-column-title-space no-bottom-space-holzbauprodukte\" id=\"schallschutz\">Syst\u00e8mes de protection acoustique<\/h3>\n\n\n\n<p class=\"column-custom-margin font-size-small-custom column-custom-margin-right has-medium-font-size\">Nos cl\u00f4tures antibruit r\u00e9fl\u00e9chissantes et partiellement absorbantes garantissent le calme. Elles sont test\u00e9es pour l&rsquo;isolation des bruits a\u00e9riens selon la norme DIN EN 1793-2 ou pour l&rsquo;absorption des bruits selon la norme DIN EN 1793-1.<\/p>\n\n\n\n<p class=\"column-custom-margin font-size-small-custom column-custom-margin-right has-medium-font-size\">Selon les exigences et les souhaits d&rsquo;am\u00e9nagement, divers syst\u00e8mes sont disponibles en diff\u00e9rentes essences de bois telles que le m\u00e9l\u00e8ze, le douglas et le pin impr\u00e9gn\u00e9 sous pression, qui sont en partie \u00e9galement dot\u00e9s d&rsquo;une couche absorbant le bruit.<\/p>\n\n\n<div class=\"gb-button-wrapper gb-button-wrapper-180745bf column-custom-margin\">\n\n<a class=\"gb-button gb-button-4e19d25e gb-button-text smooth-scroll button-border-none\" href=\"https:\/\/balteschwiler.ch\/wp-content\/uploads\/2025\/02\/bal-garten-terrassen-2026-fr-interaktiv.pdf\" target=\"_blank\" rel=\"noopener noreferrer\">Liste de prix et catalogue <br>Terrasse &amp; pare-vues<\/a>\n\n<\/div><\/div>\n<\/div>\n\n<\/div><\/div>\n\n<div class=\"gb-container gb-container-c712009e custom-container-gelb\"><div class=\"gb-inside-container\"><\/div><\/div>\n\n<div class=\"gb-container gb-container-fb3cce8b custom-container-gruen\"><div class=\"gb-inside-container\">\n\n<h2 class=\"wp-block-heading\">La bonne sous-construction fait la diff\u00e9rence<\/h2>\n\n\n\n<p class=\"has-medium-font-size\">Qu&rsquo;il s&rsquo;agisse de syst\u00e8mes de terrasse, de pare-vue, de protection contre le bruit ou de cl\u00f4ture, ce n&rsquo;est pas seulement le mat\u00e9riau qui est d\u00e9cisif, mais aussi la sous-construction ainsi que d&rsquo;autres facteurs qui peuvent simplifier le montage mais aussi l&rsquo;entretien futur. Il convient d&rsquo;en tenir compte lors du choix du syst\u00e8me afin d&rsquo;obtenir le meilleur rapport qualit\u00e9-prix lors de l&rsquo;acquisition d&rsquo;un nouveau produit. Nous r\u00e9pondons donc volontiers \u00e0 quelques questions importantes dont vous devriez tenir compte lors de l&rsquo;\u00e9valuation et de la planification de vos travaux d&rsquo;am\u00e9nagement.<\/p>\n\n\n\n<div style=\"height:50px\" aria-hidden=\"true\" class=\"wp-block-spacer\"><\/div>\n\n\n\n<div class=\"wp-block-columns is-layout-flex wp-container-core-columns-is-layout-9d6595d7 wp-block-columns-is-layout-flex\">\n<div class=\"wp-block-column left-column-space is-layout-flow wp-block-column-is-layout-flow\">\n<h3 class=\"wp-block-heading\">Comment cr\u00e9er le bon support pour les syst\u00e8mes de terrasse?<\/h3>\n\n\n\n<p class=\"has-medium-font-size\">Le support de votre terrasse doit \u00eatre constitu\u00e9 d&rsquo;une structure de sol perm\u00e9able \u00e0 l&rsquo;eau et suffisamment compact\u00e9e. Une couche de gravier d&rsquo;environ 20 cm d&rsquo;\u00e9paisseur (grain 0 &#8211; 32) est optimale. Sur la couche sous-jacente de gravillons ou de sable concass\u00e9 d&rsquo;environ 5 cm d&rsquo;\u00e9paisseur, il est possible de poser en option un voile anti-racines pour emp\u00eacher la pousse des mauvaises herbes. Les diff\u00e9rents l\u00e9s doivent se chevaucher sur environ 10 cm.<\/p>\n\n\n\n<p class=\"has-medium-font-size\">Pour les terrasses de plain-pied, il est conseill\u00e9 de r\u00e9aliser une bordure pour d\u00e9limiter la surface du gazon. Cela permet d&rsquo;\u00e9viter que le gazon ne pousse entre les lames de terrasse. Une structure optimale pour les terrasses de plain-pied en bois, Kebony ou WPC doit pr\u00e9senter une pente d&rsquo;au moins 1 \u00e0 2% dans le sens de la longueur des lames de terrasse.<\/p>\n\n\n\n<h3 class=\"wp-block-heading\">A quoi faut-il faire attention pour la sous-construction d&rsquo;une terrasse?<\/h3>\n\n\n\n<p class=\"has-medium-font-size\">Sous chaque sous-construction, il convient de poser des dalles de 25 x 25 cm avec un espacement maximal de 50 cm (centre \u00e0 centre), pour les planches en bois massif de 25 mm d&rsquo;\u00e9paisseur. Pour le WPC et le bois modifi\u00e9, respectez toujours les indications du fabricant.<\/p>\n\n\n\n<p class=\"has-medium-font-size\">En cas de sous-construction pos\u00e9e sur chant, la distance dans le sens de la longueur doit \u00eatre de 70 cm maximum (centre-centre, 50 cm maximum en cas de sous-construction pos\u00e9e \u00e0 plat). Respectez ici aussi les indications du fabricant pour les mat\u00e9riaux composites et les bois modifi\u00e9s.<\/p>\n\n\n\n<p class=\"has-medium-font-size\">Fixez chaque sous-construction avec des \u00e9querres au moins trois fois sur les dalles de trottoir (devant &#8211; au milieu &#8211; derri\u00e8re) ou cr\u00e9ez une sous-construction stable et r\u00e9sistante \u00e0 la torsion avec des bois de construction courts.<\/p>\n\n\n\n<h3 class=\"wp-block-heading\">\u00c0 quoi faut-il faire attention lors du montage de panneaux pare-vues et d&rsquo;\u00e9l\u00e9ments d&rsquo;insonorisation?<\/h3>\n\n\n\n<p class=\"has-medium-font-size\">Lors du montage d&rsquo;\u00e9l\u00e9ments verticaux tels que des pare-vue, des \u00e9l\u00e9ments d&rsquo;insonorisation ou des cl\u00f4tures, c&rsquo;est surtout le poteau qui compte: Un poteau bien choisi et pos\u00e9 avec pr\u00e9cision est d&rsquo;une grande importance pour obtenir un bel aspect g\u00e9n\u00e9ral et une stabilit\u00e9 durable des \u00e9l\u00e9ments. Pour que le poteau tienne longtemps, il ne doit pas \u00eatre en contact direct avec le sol. Pour \u00e9viter cela, les ancrages m\u00e9talliques, que nous avons \u00e9galement dans notre offre, sont appropri\u00e9s. <\/p>\n<\/div>\n\n\n\n<div class=\"wp-block-column right-column-space is-layout-flow wp-block-column-is-layout-flow\">\n<h3 class=\"wp-block-heading\">Quels sont les facteurs importants lors du montage du syst\u00e8me de terrasse?<\/h3>\n\n\n\n<p class=\"has-medium-font-size\">Pour chaque syst\u00e8me de terrasse, il convient de toujours mettre en \u0153uvre une protection optimale du bois au niveau de la construction. Cela implique une bonne ventilation et a\u00e9ration de tous les \u00e9l\u00e9ments de la terrasse ainsi qu&rsquo;un \u00e9coulement suffisant de l&rsquo;eau sous les planches. Pour cela, la distance par rapport aux murs et autres \u00e9l\u00e9ments de construction doit \u00eatre d&rsquo;au moins 15 \u00e0 20 mm. Les lames devraient d\u00e9passer d&rsquo;environ 50 mm \u00e0 l&rsquo;extr\u00e9mit\u00e9 et les extr\u00e9mit\u00e9s des t\u00eates devraient \u00eatre chanfrein\u00e9es ou arrondies.<\/p>\n\n\n\n<p class=\"has-medium-font-size\">Si les planches sont viss\u00e9es de mani\u00e8re visible, utilisez des vis inoxydables et, pour les bois contenant du tanin, au moins des vis V2A. Il convient \u00e9galement de tenir compte de la classe de r\u00e9sistance \u00e0 la corrosion (CRC) requise.<\/p>\n\n\n\n<p class=\"has-medium-font-size\">Les vis doivent en outre \u00eatre au moins 2,5 fois plus longues que l&rsquo;\u00e9paisseur des planches. Chaque planche doit \u00eatre viss\u00e9e au moins deux fois sur la sous-construction. L&rsquo;\u00e9cart entre les vis doit \u00eatre d&rsquo;environ 10 cm pour une largeur de planche de 145 mm. <\/p>\n\n\n\n<p class=\"has-medium-font-size\">Posez toujours les planches avec un espace suffisant. Le pourcentage de joints doit \u00eatre d&rsquo;au moins 5% de la surface de la terrasse.<\/p>\n\n\n\n<p class=\"has-medium-font-size\">Pour les joints longitudinaux, il faut toujours utiliser deux bois d&rsquo;ossature avec un \u00e9cart de 80 \u00e0 100 mm. Une distance de 5 mm \u00e0 10 mm entre les planches est id\u00e9ale.<\/p>\n\n\n\n<p class=\"has-medium-font-size\">V\u00e9rifiez \u00e9galement si une goutti\u00e8re suppl\u00e9mentaire est n\u00e9cessaire pour l&rsquo;\u00e9vacuation des eaux au niveau des portes de la terrasse.<\/p>\n\n\n\n<h3 class=\"wp-block-heading\">Comment bien entretenir une terrasse?<\/h3>\n\n\n\n<p class=\"has-medium-font-size\">Il est tout d&rsquo;abord important de nettoyer p\u00e9riodiquement la terrasse. Au fil du temps, les feuilles mortes, la salet\u00e9 et d&rsquo;autres d\u00e9p\u00f4ts s&rsquo;accumulent sur la surface et dans les joints. En particulier dans les endroits ombrag\u00e9s, ces d\u00e9p\u00f4ts entra\u00eenent une formation plus importante de mousse et d&rsquo;algues, qui rendent les lames de terrasse glissantes.<\/p>\n\n\n\n<p class=\"has-medium-font-size\">Il est donc important de nettoyer les lames de terrasse \u00e0 intervalles r\u00e9guliers et de toujours enlever les feuilles et la mousse. Il convient d&rsquo;accorder une attention particuli\u00e8re aux joints, car l&rsquo;humidit\u00e9 et l&rsquo;accumulation de salet\u00e9s peuvent, selon le type de lame, favoriser le risque d&rsquo;apparition de champignons.<\/p>\n\n\n\n<p class=\"has-medium-font-size\">En outre, il convient de contr\u00f4ler p\u00e9riodiquement l&rsquo;ensemble de la construction du syst\u00e8me de terrasse et de remplacer les lames de terrasse endommag\u00e9es. Les \u00e9clats qui se d\u00e9tachent pr\u00e9sentent notamment un risque accru de blessure. Mais il faut \u00e9galement agir en cas de signes de pourriture dus \u00e0 une attaque fongique et \u00e0 un mauvais drainage de la sous-construction.<\/p>\n<\/div>\n<\/div>\n\n<\/div><\/div>\n\n<div class=\"gb-container gb-container-23b4e807 custom-container-gelb\"><div class=\"gb-inside-container\"><\/div><\/div>\n\n<div class=\"gb-container gb-container-0f7de636\"><div class=\"gb-inside-container\">\n<div class=\"gb-button-wrapper gb-button-wrapper-c8e7ab4f\">\n\n<a class=\"gb-button gb-button-64c05940 gb-button-text button-border-none-vielfalt\" href=\"https:\/\/balteschwiler.ch\/fr\/references\/\">Vers les r\u00e9f\u00e9rences<\/a>\n\n<\/div>\n\n\n<div style=\"height:50px\" aria-hidden=\"true\" class=\"wp-block-spacer\"><\/div>\n\n\n\n<h2 class=\"wp-block-heading\">Vous cherchez la solution parfaite pour votre projet d&rsquo;ext\u00e9rieur?<\/h2>\n\n\n\n<p class=\"has-medium-font-size\">Vous avez du mal \u00e0 choisir parmi les diff\u00e9rents bois et mat\u00e9riaux celui qui convient le mieux \u00e0 votre projet d&rsquo;am\u00e9nagement? Ou vous n&rsquo;\u00eates pas s\u00fbr du choix des diff\u00e9rents syst\u00e8mes pour la construction de terrasses ou de panneaux de protection visuelle et acoustique? Laissez-nous vous conseiller et, gr\u00e2ce \u00e0 nos syst\u00e8mes et \u00e0 notre savoir-faire, vous \u00e9conomiserez non seulement des ressources initiales lors de la construction de vos installations ext\u00e9rieures, mais aussi des co\u00fbts lors de l&rsquo;entretien futur. N&rsquo;h\u00e9sitez pas \u00e0 nous contacter.<\/p>\n\n\n<div class=\"gb-button-wrapper gb-button-wrapper-6c9c6b5f\">\n\n<a class=\"gb-button gb-button-0b6f8297 gb-button-text button-border-none-vielfalt\" href=\"https:\/\/balteschwiler.ch\/fr\/entreprise\/fr-kontakt\/\">Contact<\/a>\n\n<\/div>\n<\/div><\/div>","protected":false},"excerpt":{"rendered":"<p>Syst\u00e8mes de terrasses: Astucieux et naturellement beaux en bois La terrasse \u00e9largit l&rsquo;espace de vie et le relie au jardin. Ici aussi, les habitants souhaitent se sentir \u00e0 l&rsquo;aise et &#8230; <a title=\"Syst\u00e8mes de terrasses\" class=\"read-more\" href=\"https:\/\/balteschwiler.ch\/fr\/produits-de-construction-en-bois\/systemes-de-terrasses\/\" aria-label=\"En savoir plus sur Syst\u00e8mes de terrasses\">Mehr<\/a><\/p>\n","protected":false},"author":1,"featured_media":0,"parent":5465,"menu_order":0,"comment_status":"closed","ping_status":"closed","template":"","meta":{"_acf_changed":false,"inline_featured_image":false,"_uag_custom_page_level_css":"","footnotes":""},"class_list":["post-5482","page","type-page","status-publish"],"acf":[],"yoast_head":"<!-- This site is optimized with the Yoast SEO plugin v27.4 - https:\/\/yoast.com\/product\/yoast-seo-wordpress\/ -->\n<title>Syst\u00e8mes de terrasses: la plus grande diversit\u00e9 &amp; un montage simple<\/title>\n<meta name=\"description\" content=\"Syst\u00e8mes de terrasses en bois, Kebony ou WPC avec sous-construction et moyens de fixation: apprenez-en plus sur l&#039;assortiment de Balteschwiler SA.\" \/>\n<meta name=\"robots\" content=\"index, follow, max-snippet:-1, max-image-preview:large, max-video-preview:-1\" \/>\n<link rel=\"canonical\" href=\"https:\/\/balteschwiler.ch\/fr\/produits-de-construction-en-bois\/systemes-de-terrasses\/\" \/>\n<meta property=\"og:locale\" content=\"fr_FR\" \/>\n<meta property=\"og:type\" content=\"article\" \/>\n<meta property=\"og:title\" content=\"Syst\u00e8mes de terrasses: la plus grande diversit\u00e9 &amp; un montage simple\" \/>\n<meta property=\"og:description\" content=\"Syst\u00e8mes de terrasses en bois, Kebony ou WPC avec sous-construction et moyens de fixation: apprenez-en plus sur l&#039;assortiment de Balteschwiler SA.\" \/>\n<meta property=\"og:url\" content=\"https:\/\/balteschwiler.ch\/fr\/produits-de-construction-en-bois\/systemes-de-terrasses\/\" \/>\n<meta property=\"og:site_name\" content=\"Balteschwiler AG\" \/>\n<meta property=\"article:publisher\" content=\"https:\/\/www.facebook.com\/balteschwiler\" \/>\n<meta property=\"article:modified_time\" content=\"2025-03-06T07:39:10+00:00\" \/>\n<meta name=\"twitter:card\" content=\"summary_large_image\" \/>\n<meta name=\"twitter:label1\" content=\"Dur\u00e9e de lecture estim\u00e9e\" \/>\n\t<meta name=\"twitter:data1\" content=\"10 minutes\" \/>\n<script type=\"application\/ld+json\" class=\"yoast-schema-graph\">{\"@context\":\"https:\\\/\\\/schema.org\",\"@graph\":[{\"@type\":\"WebPage\",\"@id\":\"https:\\\/\\\/balteschwiler.ch\\\/fr\\\/produits-de-construction-en-bois\\\/systemes-de-terrasses\\\/\",\"url\":\"https:\\\/\\\/balteschwiler.ch\\\/fr\\\/produits-de-construction-en-bois\\\/systemes-de-terrasses\\\/\",\"name\":\"Syst\u00e8mes de terrasses: la plus grande diversit\u00e9 & un montage simple\",\"isPartOf\":{\"@id\":\"https:\\\/\\\/balteschwiler.ch\\\/#website\"},\"primaryImageOfPage\":{\"@id\":\"https:\\\/\\\/balteschwiler.ch\\\/fr\\\/produits-de-construction-en-bois\\\/systemes-de-terrasses\\\/#primaryimage\"},\"image\":{\"@id\":\"https:\\\/\\\/balteschwiler.ch\\\/fr\\\/produits-de-construction-en-bois\\\/systemes-de-terrasses\\\/#primaryimage\"},\"thumbnailUrl\":\"https:\\\/\\\/balteschwiler.ch\\\/wp-content\\\/uploads\\\/2023\\\/04\\\/BAL-Icon_FR_terrassendielen.svg\",\"datePublished\":\"2022-09-15T06:26:08+00:00\",\"dateModified\":\"2025-03-06T07:39:10+00:00\",\"description\":\"Syst\u00e8mes de terrasses en bois, Kebony ou WPC avec sous-construction et moyens de fixation: apprenez-en plus sur l'assortiment de Balteschwiler SA.\",\"breadcrumb\":{\"@id\":\"https:\\\/\\\/balteschwiler.ch\\\/fr\\\/produits-de-construction-en-bois\\\/systemes-de-terrasses\\\/#breadcrumb\"},\"inLanguage\":\"fr-FR\",\"potentialAction\":[{\"@type\":\"ReadAction\",\"target\":[\"https:\\\/\\\/balteschwiler.ch\\\/fr\\\/produits-de-construction-en-bois\\\/systemes-de-terrasses\\\/\"]}]},{\"@type\":\"ImageObject\",\"inLanguage\":\"fr-FR\",\"@id\":\"https:\\\/\\\/balteschwiler.ch\\\/fr\\\/produits-de-construction-en-bois\\\/systemes-de-terrasses\\\/#primaryimage\",\"url\":\"https:\\\/\\\/balteschwiler.ch\\\/wp-content\\\/uploads\\\/2023\\\/04\\\/BAL-Icon_FR_terrassendielen.svg\",\"contentUrl\":\"https:\\\/\\\/balteschwiler.ch\\\/wp-content\\\/uploads\\\/2023\\\/04\\\/BAL-Icon_FR_terrassendielen.svg\"},{\"@type\":\"BreadcrumbList\",\"@id\":\"https:\\\/\\\/balteschwiler.ch\\\/fr\\\/produits-de-construction-en-bois\\\/systemes-de-terrasses\\\/#breadcrumb\",\"itemListElement\":[{\"@type\":\"ListItem\",\"position\":1,\"name\":\"Produits de construction en bois\",\"item\":\"https:\\\/\\\/balteschwiler.ch\\\/fr\\\/produits-de-construction-en-bois\\\/\"},{\"@type\":\"ListItem\",\"position\":2,\"name\":\"Syst\u00e8mes de terrasses\"}]},{\"@type\":\"WebSite\",\"@id\":\"https:\\\/\\\/balteschwiler.ch\\\/#website\",\"url\":\"https:\\\/\\\/balteschwiler.ch\\\/\",\"name\":\"Balteschwiler AG\",\"description\":\"\",\"publisher\":{\"@id\":\"https:\\\/\\\/balteschwiler.ch\\\/#organization\"},\"potentialAction\":[{\"@type\":\"SearchAction\",\"target\":{\"@type\":\"EntryPoint\",\"urlTemplate\":\"https:\\\/\\\/balteschwiler.ch\\\/?s={search_term_string}\"},\"query-input\":{\"@type\":\"PropertyValueSpecification\",\"valueRequired\":true,\"valueName\":\"search_term_string\"}}],\"inLanguage\":\"fr-FR\"},{\"@type\":\"Organization\",\"@id\":\"https:\\\/\\\/balteschwiler.ch\\\/#organization\",\"name\":\"Balteschwiler AG\",\"url\":\"https:\\\/\\\/balteschwiler.ch\\\/\",\"logo\":{\"@type\":\"ImageObject\",\"inLanguage\":\"fr-FR\",\"@id\":\"https:\\\/\\\/balteschwiler.ch\\\/#\\\/schema\\\/logo\\\/image\\\/\",\"url\":\"https:\\\/\\\/balteschwiler.ch\\\/wp-content\\\/uploads\\\/2022\\\/09\\\/rz_BAL_Logo_d_rgb.png\",\"contentUrl\":\"https:\\\/\\\/balteschwiler.ch\\\/wp-content\\\/uploads\\\/2022\\\/09\\\/rz_BAL_Logo_d_rgb.png\",\"width\":1182,\"height\":224,\"caption\":\"Balteschwiler AG\"},\"image\":{\"@id\":\"https:\\\/\\\/balteschwiler.ch\\\/#\\\/schema\\\/logo\\\/image\\\/\"},\"sameAs\":[\"https:\\\/\\\/www.facebook.com\\\/balteschwiler\"]}]}<\/script>\n<!-- \/ Yoast SEO plugin. -->","yoast_head_json":{"title":"Syst\u00e8mes de terrasses: la plus grande diversit\u00e9 & un montage simple","description":"Syst\u00e8mes de terrasses en bois, Kebony ou WPC avec sous-construction et moyens de fixation: apprenez-en plus sur l'assortiment de Balteschwiler SA.","robots":{"index":"index","follow":"follow","max-snippet":"max-snippet:-1","max-image-preview":"max-image-preview:large","max-video-preview":"max-video-preview:-1"},"canonical":"https:\/\/balteschwiler.ch\/fr\/produits-de-construction-en-bois\/systemes-de-terrasses\/","og_locale":"fr_FR","og_type":"article","og_title":"Syst\u00e8mes de terrasses: la plus grande diversit\u00e9 & un montage simple","og_description":"Syst\u00e8mes de terrasses en bois, Kebony ou WPC avec sous-construction et moyens de fixation: apprenez-en plus sur l'assortiment de Balteschwiler SA.","og_url":"https:\/\/balteschwiler.ch\/fr\/produits-de-construction-en-bois\/systemes-de-terrasses\/","og_site_name":"Balteschwiler AG","article_publisher":"https:\/\/www.facebook.com\/balteschwiler","article_modified_time":"2025-03-06T07:39:10+00:00","twitter_card":"summary_large_image","twitter_misc":{"Dur\u00e9e de lecture estim\u00e9e":"10 minutes"},"schema":{"@context":"https:\/\/schema.org","@graph":[{"@type":"WebPage","@id":"https:\/\/balteschwiler.ch\/fr\/produits-de-construction-en-bois\/systemes-de-terrasses\/","url":"https:\/\/balteschwiler.ch\/fr\/produits-de-construction-en-bois\/systemes-de-terrasses\/","name":"Syst\u00e8mes de terrasses: la plus grande diversit\u00e9 & un montage simple","isPartOf":{"@id":"https:\/\/balteschwiler.ch\/#website"},"primaryImageOfPage":{"@id":"https:\/\/balteschwiler.ch\/fr\/produits-de-construction-en-bois\/systemes-de-terrasses\/#primaryimage"},"image":{"@id":"https:\/\/balteschwiler.ch\/fr\/produits-de-construction-en-bois\/systemes-de-terrasses\/#primaryimage"},"thumbnailUrl":"https:\/\/balteschwiler.ch\/wp-content\/uploads\/2023\/04\/BAL-Icon_FR_terrassendielen.svg","datePublished":"2022-09-15T06:26:08+00:00","dateModified":"2025-03-06T07:39:10+00:00","description":"Syst\u00e8mes de terrasses en bois, Kebony ou WPC avec sous-construction et moyens de fixation: apprenez-en plus sur l'assortiment de Balteschwiler SA.","breadcrumb":{"@id":"https:\/\/balteschwiler.ch\/fr\/produits-de-construction-en-bois\/systemes-de-terrasses\/#breadcrumb"},"inLanguage":"fr-FR","potentialAction":[{"@type":"ReadAction","target":["https:\/\/balteschwiler.ch\/fr\/produits-de-construction-en-bois\/systemes-de-terrasses\/"]}]},{"@type":"ImageObject","inLanguage":"fr-FR","@id":"https:\/\/balteschwiler.ch\/fr\/produits-de-construction-en-bois\/systemes-de-terrasses\/#primaryimage","url":"https:\/\/balteschwiler.ch\/wp-content\/uploads\/2023\/04\/BAL-Icon_FR_terrassendielen.svg","contentUrl":"https:\/\/balteschwiler.ch\/wp-content\/uploads\/2023\/04\/BAL-Icon_FR_terrassendielen.svg"},{"@type":"BreadcrumbList","@id":"https:\/\/balteschwiler.ch\/fr\/produits-de-construction-en-bois\/systemes-de-terrasses\/#breadcrumb","itemListElement":[{"@type":"ListItem","position":1,"name":"Produits de construction en bois","item":"https:\/\/balteschwiler.ch\/fr\/produits-de-construction-en-bois\/"},{"@type":"ListItem","position":2,"name":"Syst\u00e8mes de terrasses"}]},{"@type":"WebSite","@id":"https:\/\/balteschwiler.ch\/#website","url":"https:\/\/balteschwiler.ch\/","name":"Balteschwiler AG","description":"","publisher":{"@id":"https:\/\/balteschwiler.ch\/#organization"},"potentialAction":[{"@type":"SearchAction","target":{"@type":"EntryPoint","urlTemplate":"https:\/\/balteschwiler.ch\/?s={search_term_string}"},"query-input":{"@type":"PropertyValueSpecification","valueRequired":true,"valueName":"search_term_string"}}],"inLanguage":"fr-FR"},{"@type":"Organization","@id":"https:\/\/balteschwiler.ch\/#organization","name":"Balteschwiler AG","url":"https:\/\/balteschwiler.ch\/","logo":{"@type":"ImageObject","inLanguage":"fr-FR","@id":"https:\/\/balteschwiler.ch\/#\/schema\/logo\/image\/","url":"https:\/\/balteschwiler.ch\/wp-content\/uploads\/2022\/09\/rz_BAL_Logo_d_rgb.png","contentUrl":"https:\/\/balteschwiler.ch\/wp-content\/uploads\/2022\/09\/rz_BAL_Logo_d_rgb.png","width":1182,"height":224,"caption":"Balteschwiler AG"},"image":{"@id":"https:\/\/balteschwiler.ch\/#\/schema\/logo\/image\/"},"sameAs":["https:\/\/www.facebook.com\/balteschwiler"]}]}},"uagb_featured_image_src":{"full":false,"thumbnail":false,"medium":false,"medium_large":false,"large":false,"1536x1536":false,"2048x2048":false,"gform-image-choice-sm":false,"gform-image-choice-md":false,"gform-image-choice-lg":false},"uagb_author_info":{"display_name":"Michael Sutter","author_link":"https:\/\/balteschwiler.ch\/fr\/author\/m-hoernlimannmichaelh-ch\/"},"uagb_comment_info":0,"uagb_excerpt":"Syst\u00e8mes de terrasses: Astucieux et naturellement beaux en bois La terrasse \u00e9largit l&rsquo;espace de vie et le relie au jardin. Ici aussi, les habitants souhaitent se sentir \u00e0 l&rsquo;aise et ... Mehr","_links":{"self":[{"href":"https:\/\/balteschwiler.ch\/fr\/wp-json\/wp\/v2\/pages\/5482","targetHints":{"allow":["GET"]}}],"collection":[{"href":"https:\/\/balteschwiler.ch\/fr\/wp-json\/wp\/v2\/pages"}],"about":[{"href":"https:\/\/balteschwiler.ch\/fr\/wp-json\/wp\/v2\/types\/page"}],"author":[{"embeddable":true,"href":"https:\/\/balteschwiler.ch\/fr\/wp-json\/wp\/v2\/users\/1"}],"replies":[{"embeddable":true,"href":"https:\/\/balteschwiler.ch\/fr\/wp-json\/wp\/v2\/comments?post=5482"}],"version-history":[{"count":12,"href":"https:\/\/balteschwiler.ch\/fr\/wp-json\/wp\/v2\/pages\/5482\/revisions"}],"predecessor-version":[{"id":11519,"href":"https:\/\/balteschwiler.ch\/fr\/wp-json\/wp\/v2\/pages\/5482\/revisions\/11519"}],"up":[{"embeddable":true,"href":"https:\/\/balteschwiler.ch\/fr\/wp-json\/wp\/v2\/pages\/5465"}],"wp:attachment":[{"href":"https:\/\/balteschwiler.ch\/fr\/wp-json\/wp\/v2\/media?parent=5482"}],"curies":[{"name":"wp","href":"https:\/\/api.w.org\/{rel}","templated":true}]}}