{"id":8826,"date":"2023-04-09T09:51:49","date_gmt":"2023-04-09T07:51:49","guid":{"rendered":"https:\/\/balteschwiler.ch\/werkhof-vidit\/"},"modified":"2025-05-06T13:44:14","modified_gmt":"2025-05-06T11:44:14","slug":"werkhof-vidit","status":"publish","type":"page","link":"https:\/\/balteschwiler.ch\/fr\/references\/werkhof-vidit\/","title":{"rendered":"Construction des locaux Vidit"},"content":{"rendered":"<div class=\"gb-container gb-container-6ec57639 loadondesktop\"><div class=\"gb-inside-container\">\n<div class=\"gb-grid-wrapper gb-grid-wrapper-d212ffc2\">\n<div class=\"gb-grid-column gb-grid-column-6290146c\"><div class=\"gb-container gb-container-6290146c\"><div class=\"gb-inside-container\">\n\n<p class=\"gb-headline gb-headline-a9091560 gb-headline-text\"><strong>Produits constructifs<\/strong><\/p>\n\n\n\n<h1 class=\"gb-headline gb-headline-ae3932be gb-headline-text\">Usinage &amp; travaux ult\u00e9rieurs de panneaux en bois massif<\/h1>\n\n<\/div><\/div><\/div>\n<\/div>\n<\/div><\/div>\n\n<div class=\"gb-container gb-container-0f7de636\"><div class=\"gb-inside-container\">\n\n<div class=\"wp-block-uagb-slider uagb-block-fcd85a6a uagb-slider-container\"><div class=\"uagb-slides uagb-swiper\"><div class=\"swiper-wrapper\">\n<div class=\"wp-block-uagb-slider-child uagb-slider-child-wrap swiper-slide uagb-block-6bb11d49\"><div class=\"swiper-content\">\n<figure class=\"wp-block-image size-full\"><img loading=\"lazy\" decoding=\"async\" width=\"1000\" height=\"667\" src=\"https:\/\/balteschwiler.ch\/wp-content\/uploads\/2023\/11\/referenzen-konstruktiv-vidit-bubikon-3.jpg\" alt=\"\" class=\"wp-image-8431\" srcset=\"https:\/\/balteschwiler.ch\/wp-content\/uploads\/2023\/11\/referenzen-konstruktiv-vidit-bubikon-3.jpg 1000w, https:\/\/balteschwiler.ch\/wp-content\/uploads\/2023\/11\/referenzen-konstruktiv-vidit-bubikon-3-300x200.jpg 300w, https:\/\/balteschwiler.ch\/wp-content\/uploads\/2023\/11\/referenzen-konstruktiv-vidit-bubikon-3-768x512.jpg 768w\" sizes=\"auto, (max-width: 1000px) 100vw, 1000px\" \/><\/figure>\n<\/div><\/div>\n\n\n\n<div class=\"wp-block-uagb-slider-child uagb-slider-child-wrap swiper-slide uagb-block-297ab518\"><div class=\"swiper-content\">\n<figure class=\"wp-block-image size-full\"><img loading=\"lazy\" decoding=\"async\" width=\"1000\" height=\"667\" src=\"https:\/\/balteschwiler.ch\/wp-content\/uploads\/2023\/11\/referenzen-konstruktiv-vidit-bubikon-1.jpg\" alt=\"\" class=\"wp-image-8433\" srcset=\"https:\/\/balteschwiler.ch\/wp-content\/uploads\/2023\/11\/referenzen-konstruktiv-vidit-bubikon-1.jpg 1000w, https:\/\/balteschwiler.ch\/wp-content\/uploads\/2023\/11\/referenzen-konstruktiv-vidit-bubikon-1-300x200.jpg 300w, https:\/\/balteschwiler.ch\/wp-content\/uploads\/2023\/11\/referenzen-konstruktiv-vidit-bubikon-1-768x512.jpg 768w\" sizes=\"auto, (max-width: 1000px) 100vw, 1000px\" \/><\/figure>\n<\/div><\/div>\n\n\n\n<div class=\"wp-block-uagb-slider-child uagb-slider-child-wrap swiper-slide uagb-block-2128fd97\"><div class=\"swiper-content\">\n<figure class=\"wp-block-image size-full\"><img loading=\"lazy\" decoding=\"async\" width=\"1000\" height=\"660\" src=\"https:\/\/balteschwiler.ch\/wp-content\/uploads\/2023\/11\/referenzen-konstruktiv-vidit-bubikon-2.jpg\" alt=\"\" class=\"wp-image-8429\" srcset=\"https:\/\/balteschwiler.ch\/wp-content\/uploads\/2023\/11\/referenzen-konstruktiv-vidit-bubikon-2.jpg 1000w, https:\/\/balteschwiler.ch\/wp-content\/uploads\/2023\/11\/referenzen-konstruktiv-vidit-bubikon-2-300x198.jpg 300w, https:\/\/balteschwiler.ch\/wp-content\/uploads\/2023\/11\/referenzen-konstruktiv-vidit-bubikon-2-768x507.jpg 768w\" sizes=\"auto, (max-width: 1000px) 100vw, 1000px\" \/><\/figure>\n<\/div><\/div>\n\n\n\n<div class=\"wp-block-uagb-slider-child uagb-slider-child-wrap swiper-slide uagb-block-d680947f\"><div class=\"swiper-content\">\n<figure class=\"wp-block-image size-full\"><img loading=\"lazy\" decoding=\"async\" width=\"1000\" height=\"667\" src=\"https:\/\/balteschwiler.ch\/wp-content\/uploads\/2023\/03\/Werkhof_Vidit.jpg\" alt=\"\" class=\"wp-image-4489\" srcset=\"https:\/\/balteschwiler.ch\/wp-content\/uploads\/2023\/03\/Werkhof_Vidit.jpg 1000w, https:\/\/balteschwiler.ch\/wp-content\/uploads\/2023\/03\/Werkhof_Vidit-300x200.jpg 300w, https:\/\/balteschwiler.ch\/wp-content\/uploads\/2023\/03\/Werkhof_Vidit-768x512.jpg 768w\" sizes=\"auto, (max-width: 1000px) 100vw, 1000px\" \/><\/figure>\n<\/div><\/div>\n<\/div><\/div><div class=\"swiper-button-prev\"><\/div><div class=\"swiper-button-next\"><\/div><\/div>\n\n\n\n<div style=\"height:50px\" aria-hidden=\"true\" class=\"wp-block-spacer\"><\/div>\n\n\n\n<div class=\"wp-block-columns is-layout-flex wp-container-core-columns-is-layout-9d6595d7 wp-block-columns-is-layout-flex\">\n<div class=\"wp-block-column is-layout-flow wp-block-column-is-layout-flow\" style=\"flex-basis:66.66%\">\n<hr class=\"wp-block-separator has-text-color has-contrast-color has-alpha-channel-opacity has-contrast-background-color has-background\"\/>\n\n\n\n<h2 class=\"wp-block-heading\">Construction des locaux VIDIT \u00e0 Bubikon<\/h2>\n\n\n\n<p class=\"has-medium-font-size\">4 \u00e9tages, 3700 m2 de surface totale et de la place pourenviron 100 collaborateurs : ce sont les donn\u00e9es der\u00e9f\u00e9rence de l\u02bcimpressionnant nouveau b\u00e2timent VIDITde la soci\u00e9t\u00e9 Hustech \u00e0 Bubikon. Le b\u00e2timent devaitdevenir un mod\u00e8le de construction contemporainedans l\u02bcOberland zurichois et a donc \u00e9t\u00e9 construit enbois et avec une domotique ultramoderne selon leprincipe \u00ablow-tech\u00bb. Pour ses partenaires d\u02bcex\u00e9cution,Balteschwiler SA a d\u00e9coup\u00e9 et usin\u00e9 les panneauxtrois plis et le bois lamell\u00e9-crois\u00e9 pour les murs, le toitet les plafonds. Divers \u00e9l\u00e9ments ont \u00e9galement \u00e9t\u00e9fa\u00e7onn\u00e9s dans l\u02bcusine de Laufenburg : les murs de lacage d\u02bcescalier ont \u00e9t\u00e9 assembl\u00e9s avec l\u02bcassemblagebois-bois X-fifix et encapsul\u00e9s avec du Fermacell pourla protection incendie. En outre, Balteschwiler SA apr\u00e9par\u00e9 les \u00e9l\u00e9ments de l\u02bcavant-toit pour l\u02bcassemblageTS3 et les a trait\u00e9s avec une lasure \u00e0 couche moyennepour les prot\u00e9ger contre les salissures et les intemp\u00e9riespendant le transport et la phase de constructionainsi que contre les rayons UV.<\/p>\n\n\n<div class=\"gb-button-wrapper gb-button-wrapper-7c34dbc8\">\n\n<a class=\"gb-button gb-button-b8c1b8eb gb-button-text smooth-scroll button-border-none\" href=\"https:\/\/balteschwiler.ch\/wp-content\/uploads\/2023\/12\/22-referenzen-konstruktiv-vidit-bubikon-fr-low.pdf\" target=\"_blank\" rel=\"noopener noreferrer\">Fiche de r\u00e9f\u00e9rence<\/a>\n\n<\/div><\/div>\n\n\n\n<div class=\"wp-block-column spalte-custom-space-left is-layout-flow wp-block-column-is-layout-flow\" style=\"flex-basis:33.33%\">\n<hr class=\"wp-block-separator has-text-color has-contrast-color has-alpha-channel-opacity has-contrast-background-color has-background\"\/>\n\n\n\n<p><strong>Ann\u00e9e de construction<\/strong><br>2020\/2021<\/p>\n\n\n\n<p><strong>Type de b\u00e2timent \/ usage<br><\/strong>Nouvelle construction de b\u00e2timents commerciaux<\/p>\n\n\n\n<p><strong>Ma\u00eetre d\u2018ouvrage<br><\/strong>Hustech Installations AG, Z\u00fcrich <\/p>\n\n\n\n<p><strong>Architecture<\/strong><br>r\u00fcegg architekten ag und BGS &amp; Partner Architekten AG <\/p>\n\n\n\n<p><strong>Partenaire d\u2018ex\u00e9cution<\/strong><br>Jampen Holzbau AG und Bertschinger Innenausbau AG<\/p>\n\n\n\n<p><strong>Produits et services Balteschwiler utilis\u00e9s<\/strong><br>Toit, plafonds &amp; parois : panneaux trois plis 27-80 mm, y compris d\u00e9coupe et usinage. <br>Parois de la cage d\u02bcescalier: bois lamell\u00e9-crois\u00e9 CLT 120 mm, y compris d\u00e9coupe et usinage, encapsulation avec Fermacell 15 &amp; 18 mm, assemblage des parois avec raccords X-fix<br>Avant-toit : bois lamell\u00e9-crois\u00e9 CLT 140 mm, y compris d\u00e9coupe, usinage, encrage X-fix, pr\u00e9paration des joints et des trous pour le collage TS3, traitement de surface<br>avec Lignopro<br>Escalier : panneaux BauBuche 45 mm <\/p>\n<\/div>\n<\/div>\n\n<\/div><\/div>","protected":false},"excerpt":{"rendered":"<p>Construction des locaux VIDIT \u00e0 Bubikon 4 \u00e9tages, 3700 m2 de surface totale et de la place pourenviron 100 collaborateurs : ce sont les donn\u00e9es der\u00e9f\u00e9rence de l\u02bcimpressionnant nouveau b\u00e2timent &#8230; <a title=\"Construction des locaux Vidit\" class=\"read-more\" href=\"https:\/\/balteschwiler.ch\/fr\/references\/werkhof-vidit\/\" aria-label=\"En savoir plus sur Construction des locaux Vidit\">Mehr<\/a><\/p>\n","protected":false},"author":1,"featured_media":0,"parent":8941,"menu_order":0,"comment_status":"closed","ping_status":"closed","template":"","meta":{"_acf_changed":false,"inline_featured_image":false,"_uag_custom_page_level_css":"","footnotes":""},"class_list":["post-8826","page","type-page","status-publish"],"acf":[],"yoast_head":"<!-- This site is optimized with the Yoast SEO plugin v27.4 - https:\/\/yoast.com\/product\/yoast-seo-wordpress\/ -->\n<title>Construction des locaux Vidit - Balteschwiler AG<\/title>\n<meta name=\"robots\" content=\"index, follow, max-snippet:-1, max-image-preview:large, max-video-preview:-1\" \/>\n<link rel=\"canonical\" href=\"https:\/\/balteschwiler.ch\/fr\/references\/werkhof-vidit\/\" \/>\n<meta property=\"og:locale\" content=\"fr_FR\" \/>\n<meta property=\"og:type\" content=\"article\" \/>\n<meta property=\"og:title\" content=\"Construction des locaux Vidit - Balteschwiler AG\" \/>\n<meta property=\"og:description\" content=\"Construction des locaux VIDIT \u00e0 Bubikon 4 \u00e9tages, 3700 m2 de surface totale et de la place pourenviron 100 collaborateurs : ce sont les donn\u00e9es der\u00e9f\u00e9rence de l\u02bcimpressionnant nouveau b\u00e2timent ... Mehr\" \/>\n<meta property=\"og:url\" content=\"https:\/\/balteschwiler.ch\/fr\/references\/werkhof-vidit\/\" \/>\n<meta property=\"og:site_name\" content=\"Balteschwiler AG\" \/>\n<meta property=\"article:publisher\" content=\"https:\/\/www.facebook.com\/balteschwiler\" \/>\n<meta property=\"article:modified_time\" content=\"2025-05-06T11:44:14+00:00\" \/>\n<meta property=\"og:image\" content=\"https:\/\/balteschwiler.ch\/wp-content\/uploads\/2023\/11\/referenzen-konstruktiv-vidit-bubikon-3.jpg\" \/>\n\t<meta property=\"og:image:width\" content=\"1000\" \/>\n\t<meta property=\"og:image:height\" content=\"667\" \/>\n\t<meta property=\"og:image:type\" content=\"image\/jpeg\" \/>\n<meta name=\"twitter:card\" content=\"summary_large_image\" \/>\n<meta name=\"twitter:label1\" content=\"Dur\u00e9e de lecture estim\u00e9e\" \/>\n\t<meta name=\"twitter:data1\" content=\"3 minutes\" \/>\n<script type=\"application\/ld+json\" class=\"yoast-schema-graph\">{\"@context\":\"https:\\\/\\\/schema.org\",\"@graph\":[{\"@type\":\"WebPage\",\"@id\":\"https:\\\/\\\/balteschwiler.ch\\\/fr\\\/references\\\/werkhof-vidit\\\/\",\"url\":\"https:\\\/\\\/balteschwiler.ch\\\/fr\\\/references\\\/werkhof-vidit\\\/\",\"name\":\"Construction des locaux Vidit - Balteschwiler AG\",\"isPartOf\":{\"@id\":\"https:\\\/\\\/balteschwiler.ch\\\/#website\"},\"primaryImageOfPage\":{\"@id\":\"https:\\\/\\\/balteschwiler.ch\\\/fr\\\/references\\\/werkhof-vidit\\\/#primaryimage\"},\"image\":{\"@id\":\"https:\\\/\\\/balteschwiler.ch\\\/fr\\\/references\\\/werkhof-vidit\\\/#primaryimage\"},\"thumbnailUrl\":\"https:\\\/\\\/balteschwiler.ch\\\/wp-content\\\/uploads\\\/2023\\\/11\\\/referenzen-konstruktiv-vidit-bubikon-3.jpg\",\"datePublished\":\"2023-04-09T07:51:49+00:00\",\"dateModified\":\"2025-05-06T11:44:14+00:00\",\"breadcrumb\":{\"@id\":\"https:\\\/\\\/balteschwiler.ch\\\/fr\\\/references\\\/werkhof-vidit\\\/#breadcrumb\"},\"inLanguage\":\"fr-FR\",\"potentialAction\":[{\"@type\":\"ReadAction\",\"target\":[\"https:\\\/\\\/balteschwiler.ch\\\/fr\\\/references\\\/werkhof-vidit\\\/\"]}]},{\"@type\":\"ImageObject\",\"inLanguage\":\"fr-FR\",\"@id\":\"https:\\\/\\\/balteschwiler.ch\\\/fr\\\/references\\\/werkhof-vidit\\\/#primaryimage\",\"url\":\"https:\\\/\\\/balteschwiler.ch\\\/wp-content\\\/uploads\\\/2023\\\/11\\\/referenzen-konstruktiv-vidit-bubikon-3.jpg\",\"contentUrl\":\"https:\\\/\\\/balteschwiler.ch\\\/wp-content\\\/uploads\\\/2023\\\/11\\\/referenzen-konstruktiv-vidit-bubikon-3.jpg\"},{\"@type\":\"BreadcrumbList\",\"@id\":\"https:\\\/\\\/balteschwiler.ch\\\/fr\\\/references\\\/werkhof-vidit\\\/#breadcrumb\",\"itemListElement\":[{\"@type\":\"ListItem\",\"position\":1,\"name\":\"R\u00e9f\u00e9rences\",\"item\":\"https:\\\/\\\/balteschwiler.ch\\\/fr\\\/references\\\/\"},{\"@type\":\"ListItem\",\"position\":2,\"name\":\"Construction des locaux Vidit\"}]},{\"@type\":\"WebSite\",\"@id\":\"https:\\\/\\\/balteschwiler.ch\\\/#website\",\"url\":\"https:\\\/\\\/balteschwiler.ch\\\/\",\"name\":\"Balteschwiler AG\",\"description\":\"\",\"publisher\":{\"@id\":\"https:\\\/\\\/balteschwiler.ch\\\/#organization\"},\"potentialAction\":[{\"@type\":\"SearchAction\",\"target\":{\"@type\":\"EntryPoint\",\"urlTemplate\":\"https:\\\/\\\/balteschwiler.ch\\\/?s={search_term_string}\"},\"query-input\":{\"@type\":\"PropertyValueSpecification\",\"valueRequired\":true,\"valueName\":\"search_term_string\"}}],\"inLanguage\":\"fr-FR\"},{\"@type\":\"Organization\",\"@id\":\"https:\\\/\\\/balteschwiler.ch\\\/#organization\",\"name\":\"Balteschwiler AG\",\"url\":\"https:\\\/\\\/balteschwiler.ch\\\/\",\"logo\":{\"@type\":\"ImageObject\",\"inLanguage\":\"fr-FR\",\"@id\":\"https:\\\/\\\/balteschwiler.ch\\\/#\\\/schema\\\/logo\\\/image\\\/\",\"url\":\"https:\\\/\\\/balteschwiler.ch\\\/wp-content\\\/uploads\\\/2022\\\/09\\\/rz_BAL_Logo_d_rgb.png\",\"contentUrl\":\"https:\\\/\\\/balteschwiler.ch\\\/wp-content\\\/uploads\\\/2022\\\/09\\\/rz_BAL_Logo_d_rgb.png\",\"width\":1182,\"height\":224,\"caption\":\"Balteschwiler AG\"},\"image\":{\"@id\":\"https:\\\/\\\/balteschwiler.ch\\\/#\\\/schema\\\/logo\\\/image\\\/\"},\"sameAs\":[\"https:\\\/\\\/www.facebook.com\\\/balteschwiler\"]}]}<\/script>\n<!-- \/ Yoast SEO plugin. -->","yoast_head_json":{"title":"Construction des locaux Vidit - Balteschwiler AG","robots":{"index":"index","follow":"follow","max-snippet":"max-snippet:-1","max-image-preview":"max-image-preview:large","max-video-preview":"max-video-preview:-1"},"canonical":"https:\/\/balteschwiler.ch\/fr\/references\/werkhof-vidit\/","og_locale":"fr_FR","og_type":"article","og_title":"Construction des locaux Vidit - Balteschwiler AG","og_description":"Construction des locaux VIDIT \u00e0 Bubikon 4 \u00e9tages, 3700 m2 de surface totale et de la place pourenviron 100 collaborateurs : ce sont les donn\u00e9es der\u00e9f\u00e9rence de l\u02bcimpressionnant nouveau b\u00e2timent ... Mehr","og_url":"https:\/\/balteschwiler.ch\/fr\/references\/werkhof-vidit\/","og_site_name":"Balteschwiler AG","article_publisher":"https:\/\/www.facebook.com\/balteschwiler","article_modified_time":"2025-05-06T11:44:14+00:00","og_image":[{"width":1000,"height":667,"url":"https:\/\/balteschwiler.ch\/wp-content\/uploads\/2023\/11\/referenzen-konstruktiv-vidit-bubikon-3.jpg","type":"image\/jpeg"}],"twitter_card":"summary_large_image","twitter_misc":{"Dur\u00e9e de lecture estim\u00e9e":"3 minutes"},"schema":{"@context":"https:\/\/schema.org","@graph":[{"@type":"WebPage","@id":"https:\/\/balteschwiler.ch\/fr\/references\/werkhof-vidit\/","url":"https:\/\/balteschwiler.ch\/fr\/references\/werkhof-vidit\/","name":"Construction des locaux Vidit - Balteschwiler AG","isPartOf":{"@id":"https:\/\/balteschwiler.ch\/#website"},"primaryImageOfPage":{"@id":"https:\/\/balteschwiler.ch\/fr\/references\/werkhof-vidit\/#primaryimage"},"image":{"@id":"https:\/\/balteschwiler.ch\/fr\/references\/werkhof-vidit\/#primaryimage"},"thumbnailUrl":"https:\/\/balteschwiler.ch\/wp-content\/uploads\/2023\/11\/referenzen-konstruktiv-vidit-bubikon-3.jpg","datePublished":"2023-04-09T07:51:49+00:00","dateModified":"2025-05-06T11:44:14+00:00","breadcrumb":{"@id":"https:\/\/balteschwiler.ch\/fr\/references\/werkhof-vidit\/#breadcrumb"},"inLanguage":"fr-FR","potentialAction":[{"@type":"ReadAction","target":["https:\/\/balteschwiler.ch\/fr\/references\/werkhof-vidit\/"]}]},{"@type":"ImageObject","inLanguage":"fr-FR","@id":"https:\/\/balteschwiler.ch\/fr\/references\/werkhof-vidit\/#primaryimage","url":"https:\/\/balteschwiler.ch\/wp-content\/uploads\/2023\/11\/referenzen-konstruktiv-vidit-bubikon-3.jpg","contentUrl":"https:\/\/balteschwiler.ch\/wp-content\/uploads\/2023\/11\/referenzen-konstruktiv-vidit-bubikon-3.jpg"},{"@type":"BreadcrumbList","@id":"https:\/\/balteschwiler.ch\/fr\/references\/werkhof-vidit\/#breadcrumb","itemListElement":[{"@type":"ListItem","position":1,"name":"R\u00e9f\u00e9rences","item":"https:\/\/balteschwiler.ch\/fr\/references\/"},{"@type":"ListItem","position":2,"name":"Construction des locaux Vidit"}]},{"@type":"WebSite","@id":"https:\/\/balteschwiler.ch\/#website","url":"https:\/\/balteschwiler.ch\/","name":"Balteschwiler AG","description":"","publisher":{"@id":"https:\/\/balteschwiler.ch\/#organization"},"potentialAction":[{"@type":"SearchAction","target":{"@type":"EntryPoint","urlTemplate":"https:\/\/balteschwiler.ch\/?s={search_term_string}"},"query-input":{"@type":"PropertyValueSpecification","valueRequired":true,"valueName":"search_term_string"}}],"inLanguage":"fr-FR"},{"@type":"Organization","@id":"https:\/\/balteschwiler.ch\/#organization","name":"Balteschwiler AG","url":"https:\/\/balteschwiler.ch\/","logo":{"@type":"ImageObject","inLanguage":"fr-FR","@id":"https:\/\/balteschwiler.ch\/#\/schema\/logo\/image\/","url":"https:\/\/balteschwiler.ch\/wp-content\/uploads\/2022\/09\/rz_BAL_Logo_d_rgb.png","contentUrl":"https:\/\/balteschwiler.ch\/wp-content\/uploads\/2022\/09\/rz_BAL_Logo_d_rgb.png","width":1182,"height":224,"caption":"Balteschwiler AG"},"image":{"@id":"https:\/\/balteschwiler.ch\/#\/schema\/logo\/image\/"},"sameAs":["https:\/\/www.facebook.com\/balteschwiler"]}]}},"uagb_featured_image_src":{"full":false,"thumbnail":false,"medium":false,"medium_large":false,"large":false,"1536x1536":false,"2048x2048":false,"gform-image-choice-sm":false,"gform-image-choice-md":false,"gform-image-choice-lg":false},"uagb_author_info":{"display_name":"Michael Sutter","author_link":"https:\/\/balteschwiler.ch\/fr\/author\/m-hoernlimannmichaelh-ch\/"},"uagb_comment_info":0,"uagb_excerpt":"Construction des locaux VIDIT \u00e0 Bubikon 4 \u00e9tages, 3700 m2 de surface totale et de la place pourenviron 100 collaborateurs : ce sont les donn\u00e9es der\u00e9f\u00e9rence de l\u02bcimpressionnant nouveau b\u00e2timent ... Mehr","_links":{"self":[{"href":"https:\/\/balteschwiler.ch\/fr\/wp-json\/wp\/v2\/pages\/8826","targetHints":{"allow":["GET"]}}],"collection":[{"href":"https:\/\/balteschwiler.ch\/fr\/wp-json\/wp\/v2\/pages"}],"about":[{"href":"https:\/\/balteschwiler.ch\/fr\/wp-json\/wp\/v2\/types\/page"}],"author":[{"embeddable":true,"href":"https:\/\/balteschwiler.ch\/fr\/wp-json\/wp\/v2\/users\/1"}],"replies":[{"embeddable":true,"href":"https:\/\/balteschwiler.ch\/fr\/wp-json\/wp\/v2\/comments?post=8826"}],"version-history":[{"count":3,"href":"https:\/\/balteschwiler.ch\/fr\/wp-json\/wp\/v2\/pages\/8826\/revisions"}],"predecessor-version":[{"id":12074,"href":"https:\/\/balteschwiler.ch\/fr\/wp-json\/wp\/v2\/pages\/8826\/revisions\/12074"}],"up":[{"embeddable":true,"href":"https:\/\/balteschwiler.ch\/fr\/wp-json\/wp\/v2\/pages\/8941"}],"wp:attachment":[{"href":"https:\/\/balteschwiler.ch\/fr\/wp-json\/wp\/v2\/media?parent=8826"}],"curies":[{"name":"wp","href":"https:\/\/api.w.org\/{rel}","templated":true}]}}